{"id":138,"date":"2012-03-04T17:15:37","date_gmt":"2012-03-04T16:15:37","guid":{"rendered":"http:\/\/balcells.cat\/?page_id=138"},"modified":"2024-01-12T13:11:49","modified_gmt":"2024-01-12T12:11:49","slug":"dr-eudald-balcells-diaz-cat","status":"publish","type":"page","link":"https:\/\/balcells.cat\/ca\/qui-som\/dr-eudald-balcells-diaz-cat\/","title":{"rendered":"Dr Eudald Balcells i D\u00edaz"},"content":{"rendered":"\n<style type=\"text\/css\" data-created_by=\"avia_inline_auto\" id=\"style-css-av-clihu-68879b52a63ef15d2acc79d55e03baca\">\n#top .av-special-heading.av-clihu-68879b52a63ef15d2acc79d55e03baca{\npadding-bottom:10px;\n}\nbody .av-special-heading.av-clihu-68879b52a63ef15d2acc79d55e03baca .av-special-heading-tag .heading-char{\nfont-size:25px;\n}\n.av-special-heading.av-clihu-68879b52a63ef15d2acc79d55e03baca .av-subheading{\nfont-size:15px;\n}\n<\/style>\n<div  class='av-special-heading av-clihu-68879b52a63ef15d2acc79d55e03baca av-special-heading-h3  avia-builder-el-0  el_before_av_one_third  avia-builder-el-first '><h3 class='av-special-heading-tag'  itemprop=\"headline\"  >Dr Eudald Balcells<\/h3><div class=\"special-heading-border\"><div class=\"special-heading-inner-border\"><\/div><\/div><\/div>\n\n<style type=\"text\/css\" data-created_by=\"avia_inline_auto\" id=\"style-css-av-39p556-fd2c5c9637aebba972cf3b5f389a66e7\">\n.flex_column.av-39p556-fd2c5c9637aebba972cf3b5f389a66e7{\nborder-radius:0px 0px 0px 0px;\npadding:0px 0px 0px 0px;\n}\n<\/style>\n<div  class='flex_column av-39p556-fd2c5c9637aebba972cf3b5f389a66e7 av_one_third  avia-builder-el-1  el_after_av_heading  el_before_av_two_third  first flex_column_div av-zero-column-padding  '     ><section  class='av_textblock_section av-30yewa-33b4d3468e8e71a0a55296ff2eb23cc8 '   itemscope=\"itemscope\" itemtype=\"https:\/\/schema.org\/CreativeWork\" ><div class='avia_textblock'  itemprop=\"text\" ><div id=\"attachment_643\" style=\"width: 280px\" class=\"wp-caption alignleft\"><img aria-describedby=\"caption-attachment-643\" decoding=\"async\" loading=\"lazy\" class=\" wp-image-643\" src=\"http:\/\/balcells.cat\/wp-content\/uploads\/2013\/03\/Dr-Eudald-Balcells-D\u00edaz.jpg\" alt=\"Dr-Eudald-Balcells-D\u00edaz\" width=\"270\" height=\"300\" srcset=\"https:\/\/balcells.cat\/wp-content\/uploads\/2013\/03\/Dr-Eudald-Balcells-D\u00edaz.jpg 450w, https:\/\/balcells.cat\/wp-content\/uploads\/2013\/03\/Dr-Eudald-Balcells-D\u00edaz-270x300.jpg 270w, https:\/\/balcells.cat\/wp-content\/uploads\/2013\/03\/Dr-Eudald-Balcells-D\u00edaz-135x150.jpg 135w\" sizes=\"(max-width: 270px) 100vw, 270px\" \/><p id=\"caption-attachment-643\" class=\"wp-caption-text\">Dr Eudald Balcells i D\u00edaz<br \/>Col. 27258<br \/>Especialista en Cirurgia Ortop\u00e8dica i Traumatologia<\/p><\/div>\n<\/div><\/section><br \/>\n\n<style type=\"text\/css\" data-created_by=\"avia_inline_auto\" id=\"style-css-av-2uff0q-05531e28e8e079e088b0ea57bef7606b\">\n.av_font_icon.av-2uff0q-05531e28e8e079e088b0ea57bef7606b{\ncolor:#406eb1;\nborder-color:#406eb1;\n}\n.av_font_icon.av-2uff0q-05531e28e8e079e088b0ea57bef7606b .av-icon-char{\nfont-size:30px;\nline-height:30px;\n}\n<\/style>\n<span  class='av_font_icon av-2uff0q-05531e28e8e079e088b0ea57bef7606b avia_animate_when_visible av-icon-style- avia-icon-pos-center avia-icon-animate'><a href='https:\/\/www.linkedin.com\/in\/eudald-balcells-diaz-33484362\/' target=\"_blank\" rel=\"noopener noreferrer\" class='av-icon-char' aria-hidden='true' data-av_icon='\ue8fc' data-av_iconfont='entypo-fontello'><\/a><\/span><\/p><\/div>\n\n<style type=\"text\/css\" data-created_by=\"avia_inline_auto\" id=\"style-css-av-2rcrzu-e756b4cc9fdec7f2ce8f20321d53ca74\">\n.flex_column.av-2rcrzu-e756b4cc9fdec7f2ce8f20321d53ca74{\nborder-radius:0px 0px 0px 0px;\npadding:0px 0px 0px 0px;\n}\n<\/style>\n<div  class='flex_column av-2rcrzu-e756b4cc9fdec7f2ce8f20321d53ca74 av_two_third  avia-builder-el-4  el_after_av_one_third  el_before_av_hr  flex_column_div av-zero-column-padding  '     ><section  class='av_textblock_section av-2jytx6-42c1c19fe3990a52bab67d13155dfd57 '   itemscope=\"itemscope\" itemtype=\"https:\/\/schema.org\/CreativeWork\" ><div class='avia_textblock'  itemprop=\"text\" ><p><!--:CA--><\/p>\n<div class=\"mceTemp\">Quan va acabar la carrera de Medicina, va marxar a formar-se com a especialista al Regne Unit, bressol de molts aspectes actuals de la Cirurgia Ortop\u00e8dica i Traumatologia. Durant la formaci\u00f3, va ingressar a la Universitat de Cambridge i s\u2019hi va quedar a treballar . \u00c9s fellow del Jesus College.<\/div>\n<p>Despr\u00e9s de quinze anys fora de Catalunya, ha recollit tot el seu bagatge i ara \u00e9s el Director del Servei de Cirurgia Ortop\u00e8dica i Traumatologia de l\u2019Hospital de Mollet, hospital de la xarxa p\u00fablica catalana.<\/p>\n<p>Format en l\u2019academicisme brit\u00e0nic, li agrada avaluar tots els aven\u00e7os que es produeixen en un m\u00f3n quir\u00fargic progressivament tecnificat.<\/p>\n<p>T\u00e9 expertesa en diversos \u00e0mbits de cirurgia major, com per exemple la implantaci\u00f3 de pr\u00f2tesi total de genoll i maluc. T\u00e9 un inter\u00e8s especial en la patologia de l&#8217;espatlla, on ha adquirit expertesa tan en la cirurgia prot\u00e8sica com en l&#8217;artrosc\u00f2pia.<\/p>\n<p>Participa activament en diversos \u00e0mbits de debat de l\u2019especialitat i sovint se\u2019l demana per actes formatius.<\/p>\n<\/div><\/section><\/div>\n\n<style type=\"text\/css\" data-created_by=\"avia_inline_auto\" id=\"style-css-av-2gru9e-2b9ad5382b852b1e35be2dd4e6713142\">\n#top .hr.hr-invisible.av-2gru9e-2b9ad5382b852b1e35be2dd4e6713142{\nheight:30px;\n}\n<\/style>\n<div  class='hr av-2gru9e-2b9ad5382b852b1e35be2dd4e6713142 hr-invisible  avia-builder-el-6  el_after_av_two_third  el_before_av_heading  av-medium-hide av-small-hide av-mini-hide'><span class='hr-inner '><span class=\"hr-inner-style\"><\/span><\/span><\/div>\n\n<style type=\"text\/css\" data-created_by=\"avia_inline_auto\" id=\"style-css-av-ae2xe-fe2939cad34a3250f2555c65dee10458\">\n#top .av-special-heading.av-ae2xe-fe2939cad34a3250f2555c65dee10458{\npadding-bottom:10px;\n}\nbody .av-special-heading.av-ae2xe-fe2939cad34a3250f2555c65dee10458 .av-special-heading-tag .heading-char{\nfont-size:25px;\n}\n.av-special-heading.av-ae2xe-fe2939cad34a3250f2555c65dee10458 .av-subheading{\nfont-size:15px;\n}\n<\/style>\n<div  class='av-special-heading av-ae2xe-fe2939cad34a3250f2555c65dee10458 av-special-heading-h3  avia-builder-el-7  el_after_av_hr  el_before_av_one_fourth '><h3 class='av-special-heading-tag'  itemprop=\"headline\"  >El Dr Eudald Balcells est\u00e0 al quadre m\u00e8dic de<\/h3><div class=\"special-heading-border\"><div class=\"special-heading-inner-border\"><\/div><\/div><\/div>\n\n<style type=\"text\/css\" data-created_by=\"avia_inline_auto\" id=\"style-css-av-21uiwa-642ba9bc8c7633a22e4790a94db7c07f\">\n.flex_column.av-21uiwa-642ba9bc8c7633a22e4790a94db7c07f{\nborder-radius:0px 0px 0px 0px;\npadding:0px 0px 0px 0px;\n}\n<\/style>\n<div  class='flex_column av-21uiwa-642ba9bc8c7633a22e4790a94db7c07f av_one_fourth  avia-builder-el-8  el_after_av_heading  el_before_av_one_half  first flex_column_div av-zero-column-padding  '     ><\/div>\n\n<style type=\"text\/css\" data-created_by=\"avia_inline_auto\" id=\"style-css-av-6uic2-b1d7f1e209cb4c352700b5605b3a6d40\">\n.flex_column.av-6uic2-b1d7f1e209cb4c352700b5605b3a6d40{\nborder-radius:0px 0px 0px 0px;\npadding:0px 0px 0px 0px;\n}\n<\/style>\n<div  class='flex_column av-6uic2-b1d7f1e209cb4c352700b5605b3a6d40 av_one_half  avia-builder-el-9  el_after_av_one_fourth  el_before_av_one_fourth  flex_column_div av-zero-column-padding  '     ><style type=\"text\/css\" data-created_by=\"avia_inline_auto\" id=\"style-css-av-1peraq-a2acca91e5d5630af900331ce79a16da\">\n.avia-logo-element-container.av-1peraq-a2acca91e5d5630af900331ce79a16da .av-partner-fake-img{\nbackground-size:cover;\n}\n<\/style>\n<div  class='avia-logo-element-container av-1peraq-a2acca91e5d5630af900331ce79a16da avia-logo-grid avia-content-slider avia-smallarrow-slider avia-content-grid-active noHover avia-content-slider-odd  avia-builder-el-10  avia-builder-el-no-sibling  avia-content-slider1' ><div class='avia-smallarrow-slider-heading  no-logo-slider-heading '><div class='new-special-heading'>&nbsp;<\/div><\/div><div class=\"avia-content-slider-inner\"><div class=\"slide-entry-wrap\"><div  class='slide-entry av-4opeq-9b1e35028a13fdb371449c1e027727f9 flex_column no_margin av_one_third real-thumbnail post-entry slide-entry-overview slide-loop-1 slide-parity-odd post-entry-last first'><span class='av-partner-fake-img' style='padding-bottom:100%; background-image:url(https:\/\/balcells.cat\/wp-content\/uploads\/2018\/02\/assistencia-sanitaria-180x180.jpg);'><\/span><\/div><\/div><\/div><\/div><\/div>\n<style type=\"text\/css\" data-created_by=\"avia_inline_auto\" id=\"style-css-av-m4rqy-1a6bd33c26605881199752cfff566017\">\n.flex_column.av-m4rqy-1a6bd33c26605881199752cfff566017{\nborder-radius:0px 0px 0px 0px;\npadding:0px 0px 0px 0px;\n}\n<\/style>\n<div  class='flex_column av-m4rqy-1a6bd33c26605881199752cfff566017 av_one_fourth  avia-builder-el-11  el_after_av_one_half  el_before_av_hr  flex_column_div av-zero-column-padding  '     ><\/div><\/p>\n\n<style type=\"text\/css\" data-created_by=\"avia_inline_auto\" id=\"style-css-av-d90y2-5ba15e7593eea457f420a6ac70e879eb\">\n#top .hr.hr-invisible.av-d90y2-5ba15e7593eea457f420a6ac70e879eb{\nheight:50px;\n}\n<\/style>\n<div  class='hr av-d90y2-5ba15e7593eea457f420a6ac70e879eb hr-invisible  avia-builder-el-12  el_after_av_one_fourth  el_before_av_textblock '><span class='hr-inner '><span class=\"hr-inner-style\"><\/span><\/span><\/div>\n<section  class='av_textblock_section av-vmzu-d70a52123848b6520a4882ebce921c82 '   itemscope=\"itemscope\" itemtype=\"https:\/\/schema.org\/CreativeWork\" ><div class='avia_textblock'  itemprop=\"text\" ><p><img decoding=\"async\" loading=\"lazy\" class=\"alignleft size-full wp-image-697\" style=\"line-height: 24px;\" src=\"http:\/\/balcells.cat\/wp-content\/uploads\/2012\/02\/l\u00ednia-blava.jpg\" alt=\"l\u00ednia-blava\" width=\"1100\" height=\"9\" srcset=\"https:\/\/balcells.cat\/wp-content\/uploads\/2012\/02\/l\u00ednia-blava.jpg 1100w, https:\/\/balcells.cat\/wp-content\/uploads\/2012\/02\/l\u00ednia-blava-300x2.jpg 300w, https:\/\/balcells.cat\/wp-content\/uploads\/2012\/02\/l\u00ednia-blava-1024x8.jpg 1024w, https:\/\/balcells.cat\/wp-content\/uploads\/2012\/02\/l\u00ednia-blava-250x2.jpg 250w\" sizes=\"(max-width: 1100px) 100vw, 1100px\" \/><\/p>\n<p><strong>\u00a0<\/strong><img decoding=\"async\" loading=\"lazy\" class=\"wp-image-609 aligncenter\" src=\"http:\/\/balcells.cat\/wp-content\/uploads\/2013\/03\/header-web-75.jpg\" alt=\"header-web 75\" width=\"770\" height=\"53\" srcset=\"https:\/\/balcells.cat\/wp-content\/uploads\/2013\/03\/header-web-75.jpg 1100w, https:\/\/balcells.cat\/wp-content\/uploads\/2013\/03\/header-web-75-300x20.jpg 300w, https:\/\/balcells.cat\/wp-content\/uploads\/2013\/03\/header-web-75-1024x69.jpg 1024w, https:\/\/balcells.cat\/wp-content\/uploads\/2013\/03\/header-web-75-250x17.jpg 250w\" sizes=\"(max-width: 770px) 100vw, 770px\" \/><\/p>\n<p><!--:--><!--:es--><\/p>\n<\/div><\/section>\n","protected":false},"excerpt":{"rendered":"","protected":false},"author":3,"featured_media":0,"parent":52,"menu_order":0,"comment_status":"closed","ping_status":"closed","template":"","meta":[],"yoast_head":"<!-- This site is optimized with the Yoast SEO plugin v21.8 - https:\/\/yoast.com\/wordpress\/plugins\/seo\/ -->\n<title>Dr Eudald Balcells i Diaz especialista en traumatologia<\/title>\n<meta name=\"description\" content=\"El Dr Eudald Balcells i Diaz de Balcells Centre de Traumatologia i Fisioter\u00e0pia - centre especialitzat a Granollers. Diagn\u00f2stic i tractament.\" \/>\n<meta name=\"robots\" content=\"index, follow, max-snippet:-1, max-image-preview:large, max-video-preview:-1\" \/>\n<link rel=\"canonical\" href=\"https:\/\/balcells.cat\/ca\/qui-som\/dr-eudald-balcells-diaz-cat\/\" \/>\n<meta property=\"og:locale\" content=\"ca_ES\" \/>\n<meta property=\"og:type\" content=\"article\" \/>\n<meta property=\"og:title\" content=\"Dr Eudald Balcells i Diaz especialista en traumatologia\" \/>\n<meta property=\"og:description\" content=\"El Dr Eudald Balcells i Diaz de Balcells Centre de Traumatologia i Fisioter\u00e0pia - centre especialitzat a Granollers. Diagn\u00f2stic i tractament.\" \/>\n<meta property=\"og:url\" content=\"https:\/\/balcells.cat\/ca\/qui-som\/dr-eudald-balcells-diaz-cat\/\" \/>\n<meta property=\"og:site_name\" content=\"Balcells.cat\" \/>\n<meta property=\"article:publisher\" content=\"https:\/\/www.facebook.com\/BalcellsCentreTraumatologiaiFisioterapia\/\" \/>\n<meta property=\"article:modified_time\" content=\"2024-01-12T12:11:49+00:00\" \/>\n<meta property=\"og:image\" content=\"http:\/\/balcells.cat\/wp-content\/uploads\/2013\/03\/header-web-75.jpg\" \/>\n<meta name=\"twitter:label1\" content=\"Temps estimat de lectura\" \/>\n\t<meta name=\"twitter:data1\" content=\"4 minuts\" \/>\n<script type=\"application\/ld+json\" class=\"yoast-schema-graph\">{\"@context\":\"https:\/\/schema.org\",\"@graph\":[{\"@type\":\"WebPage\",\"@id\":\"https:\/\/balcells.cat\/qui-som\/dr-eudald-balcells-diaz-cat\/\",\"url\":\"https:\/\/balcells.cat\/qui-som\/dr-eudald-balcells-diaz-cat\/\",\"name\":\"Dr Eudald Balcells i Diaz especialista en traumatologia\",\"isPartOf\":{\"@id\":\"https:\/\/balcells.cat\/#website\"},\"datePublished\":\"2012-03-04T16:15:37+00:00\",\"dateModified\":\"2024-01-12T12:11:49+00:00\",\"description\":\"El Dr Eudald Balcells i Diaz de Balcells Centre de Traumatologia i Fisioter\u00e0pia - centre especialitzat a Granollers. Diagn\u00f2stic i tractament.\",\"breadcrumb\":{\"@id\":\"https:\/\/balcells.cat\/qui-som\/dr-eudald-balcells-diaz-cat\/#breadcrumb\"},\"inLanguage\":\"ca\",\"potentialAction\":[{\"@type\":\"ReadAction\",\"target\":[\"https:\/\/balcells.cat\/qui-som\/dr-eudald-balcells-diaz-cat\/\"]}]},{\"@type\":\"BreadcrumbList\",\"@id\":\"https:\/\/balcells.cat\/qui-som\/dr-eudald-balcells-diaz-cat\/#breadcrumb\",\"itemListElement\":[{\"@type\":\"ListItem\",\"position\":1,\"name\":\"Qui som\",\"item\":\"https:\/\/balcells.cat\/qui-som\/\"},{\"@type\":\"ListItem\",\"position\":2,\"name\":\"Dr Eudald Balcells i D\u00edaz\"}]},{\"@type\":\"WebSite\",\"@id\":\"https:\/\/balcells.cat\/#website\",\"url\":\"https:\/\/balcells.cat\/\",\"name\":\"Balcells.cat\",\"description\":\"Centre de Traumatologia i Fisioter\u00e0pia\",\"potentialAction\":[{\"@type\":\"SearchAction\",\"target\":{\"@type\":\"EntryPoint\",\"urlTemplate\":\"https:\/\/balcells.cat\/?s={search_term_string}\"},\"query-input\":\"required name=search_term_string\"}],\"inLanguage\":\"ca\"}]}<\/script>\n<!-- \/ Yoast SEO plugin. -->","yoast_head_json":{"title":"Dr Eudald Balcells i Diaz especialista en traumatologia","description":"El Dr Eudald Balcells i Diaz de Balcells Centre de Traumatologia i Fisioter\u00e0pia - centre especialitzat a Granollers. Diagn\u00f2stic i tractament.","robots":{"index":"index","follow":"follow","max-snippet":"max-snippet:-1","max-image-preview":"max-image-preview:large","max-video-preview":"max-video-preview:-1"},"canonical":"https:\/\/balcells.cat\/ca\/qui-som\/dr-eudald-balcells-diaz-cat\/","og_locale":"ca_ES","og_type":"article","og_title":"Dr Eudald Balcells i Diaz especialista en traumatologia","og_description":"El Dr Eudald Balcells i Diaz de Balcells Centre de Traumatologia i Fisioter\u00e0pia - centre especialitzat a Granollers. Diagn\u00f2stic i tractament.","og_url":"https:\/\/balcells.cat\/ca\/qui-som\/dr-eudald-balcells-diaz-cat\/","og_site_name":"Balcells.cat","article_publisher":"https:\/\/www.facebook.com\/BalcellsCentreTraumatologiaiFisioterapia\/","article_modified_time":"2024-01-12T12:11:49+00:00","og_image":[{"url":"http:\/\/balcells.cat\/wp-content\/uploads\/2013\/03\/header-web-75.jpg"}],"twitter_misc":{"Temps estimat de lectura":"4 minuts"},"schema":{"@context":"https:\/\/schema.org","@graph":[{"@type":"WebPage","@id":"https:\/\/balcells.cat\/qui-som\/dr-eudald-balcells-diaz-cat\/","url":"https:\/\/balcells.cat\/qui-som\/dr-eudald-balcells-diaz-cat\/","name":"Dr Eudald Balcells i Diaz especialista en traumatologia","isPartOf":{"@id":"https:\/\/balcells.cat\/#website"},"datePublished":"2012-03-04T16:15:37+00:00","dateModified":"2024-01-12T12:11:49+00:00","description":"El Dr Eudald Balcells i Diaz de Balcells Centre de Traumatologia i Fisioter\u00e0pia - centre especialitzat a Granollers. Diagn\u00f2stic i tractament.","breadcrumb":{"@id":"https:\/\/balcells.cat\/qui-som\/dr-eudald-balcells-diaz-cat\/#breadcrumb"},"inLanguage":"ca","potentialAction":[{"@type":"ReadAction","target":["https:\/\/balcells.cat\/qui-som\/dr-eudald-balcells-diaz-cat\/"]}]},{"@type":"BreadcrumbList","@id":"https:\/\/balcells.cat\/qui-som\/dr-eudald-balcells-diaz-cat\/#breadcrumb","itemListElement":[{"@type":"ListItem","position":1,"name":"Qui som","item":"https:\/\/balcells.cat\/qui-som\/"},{"@type":"ListItem","position":2,"name":"Dr Eudald Balcells i D\u00edaz"}]},{"@type":"WebSite","@id":"https:\/\/balcells.cat\/#website","url":"https:\/\/balcells.cat\/","name":"Balcells.cat","description":"Centre de Traumatologia i Fisioter\u00e0pia","potentialAction":[{"@type":"SearchAction","target":{"@type":"EntryPoint","urlTemplate":"https:\/\/balcells.cat\/?s={search_term_string}"},"query-input":"required name=search_term_string"}],"inLanguage":"ca"}]}},"_links":{"self":[{"href":"https:\/\/balcells.cat\/ca\/wp-json\/wp\/v2\/pages\/138"}],"collection":[{"href":"https:\/\/balcells.cat\/ca\/wp-json\/wp\/v2\/pages"}],"about":[{"href":"https:\/\/balcells.cat\/ca\/wp-json\/wp\/v2\/types\/page"}],"author":[{"embeddable":true,"href":"https:\/\/balcells.cat\/ca\/wp-json\/wp\/v2\/users\/3"}],"replies":[{"embeddable":true,"href":"https:\/\/balcells.cat\/ca\/wp-json\/wp\/v2\/comments?post=138"}],"version-history":[{"count":0,"href":"https:\/\/balcells.cat\/ca\/wp-json\/wp\/v2\/pages\/138\/revisions"}],"up":[{"embeddable":true,"href":"https:\/\/balcells.cat\/ca\/wp-json\/wp\/v2\/pages\/52"}],"wp:attachment":[{"href":"https:\/\/balcells.cat\/ca\/wp-json\/wp\/v2\/media?parent=138"}],"curies":[{"name":"wp","href":"https:\/\/api.w.org\/{rel}","templated":true}]}}