{"id":171,"date":"2012-03-04T18:02:25","date_gmt":"2012-03-04T17:02:25","guid":{"rendered":"http:\/\/balcells.cat\/?page_id=171"},"modified":"2013-03-10T18:23:56","modified_gmt":"2013-03-10T17:23:56","slug":"fisioterapia-respiratoria","status":"publish","type":"page","link":"https:\/\/balcells.cat\/ca\/serveis\/fisioterapia\/fisioterapia-respiratoria\/","title":{"rendered":"Fisioter\u00e0pia respirat\u00f2ria"},"content":{"rendered":"<p><!--:CA--><\/p>\n<p><strong><span style=\"color: #88ade3;\">Tractaments de fisioter\u00e0pia respiratoria infantil:<\/span><\/strong><\/p>\n<ul>\n<li><span style=\"font-size: 14px;\"><span style=\"font-family: arial,helvetica,sans-serif;\">Bronquiolitis.<\/span><\/span><\/li>\n<\/ul>\n<ul>\n<li><span style=\"font-size: 14px;\"><span style=\"font-family: arial,helvetica,sans-serif;\">Bronquitis.<\/span><\/span><\/li>\n<\/ul>\n<ul>\n<li><span style=\"font-size: 14px;\"><span style=\"font-family: arial,helvetica,sans-serif;\">Pneum\u00f2nia.<\/span><\/span><img decoding=\"async\" loading=\"lazy\" class=\"alignright size-medium wp-image-877\" alt=\"fisioterapia respirat\u00f2ria\" src=\"http:\/\/balcells.cat\/wp-content\/uploads\/2012\/03\/fisioterapia-respirat\u00f2ria-300x200.jpg\" width=\"300\" height=\"200\" srcset=\"https:\/\/balcells.cat\/wp-content\/uploads\/2012\/03\/fisioterapia-respirat\u00f2ria-300x200.jpg 300w, https:\/\/balcells.cat\/wp-content\/uploads\/2012\/03\/fisioterapia-respirat\u00f2ria-224x150.jpg 224w, https:\/\/balcells.cat\/wp-content\/uploads\/2012\/03\/fisioterapia-respirat\u00f2ria.jpg 568w\" sizes=\"(max-width: 300px) 100vw, 300px\" \/><\/li>\n<\/ul>\n<ul>\n<li><span style=\"font-size: 14px;\"><span style=\"font-family: arial,helvetica,sans-serif;\">Asma.<\/span><\/span><\/li>\n<\/ul>\n<ul>\n<li><span style=\"font-size: 14px;\"><span style=\"font-family: arial,helvetica,sans-serif;\">Fibrosi\u00a0qu\u00edstica.<\/span><\/span><\/li>\n<\/ul>\n<ul>\n<li><span style=\"font-size: 14px;\"><span style=\"font-family: arial,helvetica,sans-serif;\">Bronqui\u00e8ctasis.<\/span><\/span><\/li>\n<\/ul>\n<ul>\n<li><span style=\"font-size: 14px;\"><span style=\"font-family: arial,helvetica,sans-serif;\">Infeccions respirat\u00f2ries recidivants (d\u00e8ficit immunitari, immobilitat ciliar, displ\u00e0sia broncoplumonar, d\u00e8ficit motriu&#8230;).<\/span><\/span><\/li>\n<\/ul>\n<ul>\n<li><span style=\"font-size: 14px;\"><span style=\"font-family: arial,helvetica,sans-serif;\">Malalties neuromusculars, distr\u00f2fies musculars&#8230;<\/span><\/span><\/li>\n<\/ul>\n<p><span style=\"font-size: 14px;\"><span style=\"font-family: arial,helvetica,sans-serif;\">\u200b<\/span><\/span><\/p>\n<p><strong><span style=\"color: #88ade3;\">T\u00e8cniques de drenatge:<\/span><\/strong><\/p>\n<ul>\n<li><span style=\"font-size: 14px;\"><span style=\"font-family: arial,helvetica,sans-serif;\">\u00a0 ELPr (Espiraci\u00f3 lenta prolongada).<\/span><\/span><\/li>\n<\/ul>\n<ul>\n<li><span style=\"font-size: 14px;\"><span style=\"font-family: arial,helvetica,sans-serif;\">\u00a0\u00a0EDIC (Exercici a D\u00e8bit Inspiratori Controlat).<\/span><\/span><\/li>\n<\/ul>\n<ul>\n<li><span style=\"font-size: 14px;\"><span style=\"font-family: arial,helvetica,sans-serif;\">\u00a0\u00a0AFE (Augment del Flux Espiratori).<\/span><\/span><\/li>\n<\/ul>\n<ul>\n<li><span style=\"font-size: 14px;\"><span style=\"font-family: arial,helvetica,sans-serif;\">\u00a0\u00a0TEF( T\u00e8cnica d\u2019Espiraci\u00f3 For\u00e7ada).<\/span><\/span><\/li>\n<\/ul>\n<ul>\n<li><span style=\"font-size: 14px;\"><span style=\"font-family: arial,helvetica,sans-serif;\">\u00a0\u00a0ELTGOL ( Espiraci\u00f3 Lenta Prolongada amb Glotis Oberta).<\/span><\/span><\/li>\n<\/ul>\n<ul>\n<li><span style=\"font-size: 14px;\"><span style=\"font-family: arial,helvetica,sans-serif;\">\u00a0\u00a0Drenatge autogen.<\/span><\/span><\/li>\n<\/ul>\n<p><span style=\"font-size: 14px;\"><span style=\"font-family: arial,helvetica,sans-serif;\">\u200b<\/span><\/span><\/p>\n<p><strong><span style=\"color: #88ade3;\">T\u00e8cniques de ventilaci\u00f3:<\/span><\/strong><\/p>\n<ul>\n<li><span style=\"font-size: 14px;\"><span style=\"font-family: arial,helvetica,sans-serif;\">Reeducaci\u00f3 del di\u00e0metre vertical: respiracions abdominals potenciant el diafragma i reeducant la respiraci\u00f3 abdominal.<\/span><\/span><\/li>\n<\/ul>\n<ul>\n<li><span style=\"font-size: 14px;\"><span style=\"font-family: arial,helvetica,sans-serif;\">Reeducaci\u00f3 di\u00e0metre transvers: respiraci\u00f3 costal.<\/span><\/span><br \/>\n<h2><span style=\"font-size: 14px;\"><span style=\"font-family: arial,helvetica,sans-serif;\"><img decoding=\"async\" loading=\"lazy\" class=\"alignright  wp-image-878\" alt=\"incentivador respiraci\u00f3n\" src=\"http:\/\/balcells.cat\/wp-content\/uploads\/2012\/03\/incentivador-respiraci\u00f3n.jpg\" width=\"240\" height=\"325\" srcset=\"https:\/\/balcells.cat\/wp-content\/uploads\/2012\/03\/incentivador-respiraci\u00f3n.jpg 300w, https:\/\/balcells.cat\/wp-content\/uploads\/2012\/03\/incentivador-respiraci\u00f3n-221x300.jpg 221w, https:\/\/balcells.cat\/wp-content\/uploads\/2012\/03\/incentivador-respiraci\u00f3n-110x150.jpg 110w\" sizes=\"(max-width: 240px) 100vw, 240px\" \/><\/span><\/span><\/h2>\n<\/li>\n<\/ul>\n<p><span style=\"font-size: 14px;\"><span style=\"font-family: arial,helvetica,sans-serif;\"><br \/>\n\u200b<\/span><\/span><\/p>\n<p><strong><span style=\"color: #88ade3;\">T\u00e8cniques amb ajuda instrumental:<\/span><\/strong><span style=\"font-size: 14px;\"><span style=\"font-family: arial,helvetica,sans-serif;\"><br \/>\n<\/span><\/span><\/p>\n<ul>\n<li><span style=\"font-size: 14px;\"><span style=\"font-family: arial,helvetica,sans-serif;\">Incentivadors de la inspiraci\u00f3.<\/span><\/span><\/li>\n<li><span style=\"font-size: 14px;\"><span style=\"font-family: arial,helvetica,sans-serif;\">Espiraci\u00f3 incentivada i\/o resistida.<\/span><\/span><\/li>\n<\/ul>\n<p><span style=\"font-size: 14px;\"><span style=\"font-family: arial,helvetica,sans-serif;\">\u200b<\/span><\/span><\/p>\n<p><strong><span style=\"color: #88ade3;\">Programes espec\u00edfics per a fibrosi qu\u00edstica i asma.<\/span><\/strong><\/p>\n<p>&nbsp;<\/p>\n<p><img decoding=\"async\" loading=\"lazy\" alt=\"l\u00ednia-blava\" src=\"http:\/\/balcells.cat\/wp-content\/uploads\/2012\/02\/l%C3%ADnia-blava.jpg\" width=\"1100\" height=\"9\" \/><\/p>\n<p><img decoding=\"async\" loading=\"lazy\" alt=\"header-web 75\" src=\"http:\/\/balcells.cat\/wp-content\/uploads\/2013\/03\/header-web-75.jpg\" width=\"770\" height=\"53\" \/><\/p>\n<p><!--:--><!--:en--><\/p>\n<p><span style=\"font-family: arial, helvetica, sans-serif;\"><span style=\"font-size: 14px;\">\u00a0<\/span><\/span><\/p>\n<p>&nbsp;<\/p>\n<p><!--:--><\/p>\n","protected":false},"excerpt":{"rendered":"<p>Tractaments de fisioter\u00e0pia respiratoria infantil: Bronquiolitis. Bronquitis. Pneum\u00f2nia. Asma. Fibrosi\u00a0qu\u00edstica. Bronqui\u00e8ctasis. Infeccions respirat\u00f2ries recidivants (d\u00e8ficit immunitari, immobilitat ciliar, displ\u00e0sia broncoplumonar, d\u00e8ficit motriu&#8230;). Malalties neuromusculars, distr\u00f2fies musculars&#8230; \u200b T\u00e8cniques de drenatge: \u00a0 ELPr (Espiraci\u00f3 lenta prolongada). \u00a0\u00a0EDIC (Exercici a D\u00e8bit Inspiratori Controlat). \u00a0\u00a0AFE (Augment del Flux Espiratori). \u00a0\u00a0TEF( T\u00e8cnica d\u2019Espiraci\u00f3 For\u00e7ada). \u00a0\u00a0ELTGOL ( Espiraci\u00f3 Lenta Prolongada [&hellip;]<\/p>\n","protected":false},"author":3,"featured_media":0,"parent":73,"menu_order":0,"comment_status":"closed","ping_status":"closed","template":"","meta":[],"yoast_head":"<!-- This site is optimized with the Yoast SEO plugin v21.8 - https:\/\/yoast.com\/wordpress\/plugins\/seo\/ -->\n<title>Fisioter\u00e0pia respirat\u00f2ria - Balcells.cat<\/title>\n<meta name=\"robots\" content=\"index, follow, max-snippet:-1, max-image-preview:large, max-video-preview:-1\" \/>\n<link rel=\"canonical\" href=\"https:\/\/balcells.cat\/ca\/serveis\/fisioterapia\/fisioterapia-respiratoria\/\" \/>\n<meta property=\"og:locale\" content=\"ca_ES\" \/>\n<meta property=\"og:type\" content=\"article\" \/>\n<meta property=\"og:title\" content=\"Fisioter\u00e0pia respirat\u00f2ria - Balcells.cat\" \/>\n<meta property=\"og:description\" content=\"Tractaments de fisioter\u00e0pia respiratoria infantil: Bronquiolitis. Bronquitis. Pneum\u00f2nia. Asma. Fibrosi\u00a0qu\u00edstica. Bronqui\u00e8ctasis. Infeccions respirat\u00f2ries recidivants (d\u00e8ficit immunitari, immobilitat ciliar, displ\u00e0sia broncoplumonar, d\u00e8ficit motriu&#8230;). Malalties neuromusculars, distr\u00f2fies musculars&#8230; \u200b T\u00e8cniques de drenatge: \u00a0 ELPr (Espiraci\u00f3 lenta prolongada). \u00a0\u00a0EDIC (Exercici a D\u00e8bit Inspiratori Controlat). \u00a0\u00a0AFE (Augment del Flux Espiratori). \u00a0\u00a0TEF( T\u00e8cnica d\u2019Espiraci\u00f3 For\u00e7ada). \u00a0\u00a0ELTGOL ( Espiraci\u00f3 Lenta Prolongada [&hellip;]\" \/>\n<meta property=\"og:url\" content=\"https:\/\/balcells.cat\/ca\/serveis\/fisioterapia\/fisioterapia-respiratoria\/\" \/>\n<meta property=\"og:site_name\" content=\"Balcells.cat\" \/>\n<meta property=\"article:publisher\" content=\"https:\/\/www.facebook.com\/BalcellsCentreTraumatologiaiFisioterapia\/\" \/>\n<meta property=\"article:modified_time\" content=\"2013-03-10T17:23:56+00:00\" \/>\n<meta property=\"og:image\" content=\"http:\/\/balcells.cat\/wp-content\/uploads\/2012\/02\/l%C3%ADnia-blava.jpg\" \/>\n<meta name=\"twitter:label1\" content=\"Temps estimat de lectura\" \/>\n\t<meta name=\"twitter:data1\" content=\"1 minut\" \/>\n<script type=\"application\/ld+json\" class=\"yoast-schema-graph\">{\"@context\":\"https:\/\/schema.org\",\"@graph\":[{\"@type\":\"WebPage\",\"@id\":\"https:\/\/balcells.cat\/serveis\/fisioterapia\/fisioterapia-respiratoria\/\",\"url\":\"https:\/\/balcells.cat\/serveis\/fisioterapia\/fisioterapia-respiratoria\/\",\"name\":\"Fisioter\u00e0pia respirat\u00f2ria - Balcells.cat\",\"isPartOf\":{\"@id\":\"https:\/\/balcells.cat\/#website\"},\"datePublished\":\"2012-03-04T17:02:25+00:00\",\"dateModified\":\"2013-03-10T17:23:56+00:00\",\"breadcrumb\":{\"@id\":\"https:\/\/balcells.cat\/serveis\/fisioterapia\/fisioterapia-respiratoria\/#breadcrumb\"},\"inLanguage\":\"ca\",\"potentialAction\":[{\"@type\":\"ReadAction\",\"target\":[\"https:\/\/balcells.cat\/serveis\/fisioterapia\/fisioterapia-respiratoria\/\"]}]},{\"@type\":\"BreadcrumbList\",\"@id\":\"https:\/\/balcells.cat\/serveis\/fisioterapia\/fisioterapia-respiratoria\/#breadcrumb\",\"itemListElement\":[{\"@type\":\"ListItem\",\"position\":1,\"name\":\"Serveis\",\"item\":\"https:\/\/balcells.cat\/serveis\/\"},{\"@type\":\"ListItem\",\"position\":2,\"name\":\"Fisioter\u00e0pia\",\"item\":\"https:\/\/balcells.cat\/serveis\/fisioterapia\/\"},{\"@type\":\"ListItem\",\"position\":3,\"name\":\"Fisioter\u00e0pia respirat\u00f2ria\"}]},{\"@type\":\"WebSite\",\"@id\":\"https:\/\/balcells.cat\/#website\",\"url\":\"https:\/\/balcells.cat\/\",\"name\":\"Balcells.cat\",\"description\":\"Centre de Traumatologia i Fisioter\u00e0pia\",\"potentialAction\":[{\"@type\":\"SearchAction\",\"target\":{\"@type\":\"EntryPoint\",\"urlTemplate\":\"https:\/\/balcells.cat\/?s={search_term_string}\"},\"query-input\":\"required name=search_term_string\"}],\"inLanguage\":\"ca\"}]}<\/script>\n<!-- \/ Yoast SEO plugin. -->","yoast_head_json":{"title":"Fisioter\u00e0pia respirat\u00f2ria - Balcells.cat","robots":{"index":"index","follow":"follow","max-snippet":"max-snippet:-1","max-image-preview":"max-image-preview:large","max-video-preview":"max-video-preview:-1"},"canonical":"https:\/\/balcells.cat\/ca\/serveis\/fisioterapia\/fisioterapia-respiratoria\/","og_locale":"ca_ES","og_type":"article","og_title":"Fisioter\u00e0pia respirat\u00f2ria - Balcells.cat","og_description":"Tractaments de fisioter\u00e0pia respiratoria infantil: Bronquiolitis. Bronquitis. Pneum\u00f2nia. Asma. Fibrosi\u00a0qu\u00edstica. Bronqui\u00e8ctasis. Infeccions respirat\u00f2ries recidivants (d\u00e8ficit immunitari, immobilitat ciliar, displ\u00e0sia broncoplumonar, d\u00e8ficit motriu&#8230;). Malalties neuromusculars, distr\u00f2fies musculars&#8230; \u200b T\u00e8cniques de drenatge: \u00a0 ELPr (Espiraci\u00f3 lenta prolongada). \u00a0\u00a0EDIC (Exercici a D\u00e8bit Inspiratori Controlat). \u00a0\u00a0AFE (Augment del Flux Espiratori). \u00a0\u00a0TEF( T\u00e8cnica d\u2019Espiraci\u00f3 For\u00e7ada). \u00a0\u00a0ELTGOL ( Espiraci\u00f3 Lenta Prolongada [&hellip;]","og_url":"https:\/\/balcells.cat\/ca\/serveis\/fisioterapia\/fisioterapia-respiratoria\/","og_site_name":"Balcells.cat","article_publisher":"https:\/\/www.facebook.com\/BalcellsCentreTraumatologiaiFisioterapia\/","article_modified_time":"2013-03-10T17:23:56+00:00","og_image":[{"url":"http:\/\/balcells.cat\/wp-content\/uploads\/2012\/02\/l%C3%ADnia-blava.jpg"}],"twitter_misc":{"Temps estimat de lectura":"1 minut"},"schema":{"@context":"https:\/\/schema.org","@graph":[{"@type":"WebPage","@id":"https:\/\/balcells.cat\/serveis\/fisioterapia\/fisioterapia-respiratoria\/","url":"https:\/\/balcells.cat\/serveis\/fisioterapia\/fisioterapia-respiratoria\/","name":"Fisioter\u00e0pia respirat\u00f2ria - Balcells.cat","isPartOf":{"@id":"https:\/\/balcells.cat\/#website"},"datePublished":"2012-03-04T17:02:25+00:00","dateModified":"2013-03-10T17:23:56+00:00","breadcrumb":{"@id":"https:\/\/balcells.cat\/serveis\/fisioterapia\/fisioterapia-respiratoria\/#breadcrumb"},"inLanguage":"ca","potentialAction":[{"@type":"ReadAction","target":["https:\/\/balcells.cat\/serveis\/fisioterapia\/fisioterapia-respiratoria\/"]}]},{"@type":"BreadcrumbList","@id":"https:\/\/balcells.cat\/serveis\/fisioterapia\/fisioterapia-respiratoria\/#breadcrumb","itemListElement":[{"@type":"ListItem","position":1,"name":"Serveis","item":"https:\/\/balcells.cat\/serveis\/"},{"@type":"ListItem","position":2,"name":"Fisioter\u00e0pia","item":"https:\/\/balcells.cat\/serveis\/fisioterapia\/"},{"@type":"ListItem","position":3,"name":"Fisioter\u00e0pia respirat\u00f2ria"}]},{"@type":"WebSite","@id":"https:\/\/balcells.cat\/#website","url":"https:\/\/balcells.cat\/","name":"Balcells.cat","description":"Centre de Traumatologia i Fisioter\u00e0pia","potentialAction":[{"@type":"SearchAction","target":{"@type":"EntryPoint","urlTemplate":"https:\/\/balcells.cat\/?s={search_term_string}"},"query-input":"required name=search_term_string"}],"inLanguage":"ca"}]}},"_links":{"self":[{"href":"https:\/\/balcells.cat\/ca\/wp-json\/wp\/v2\/pages\/171"}],"collection":[{"href":"https:\/\/balcells.cat\/ca\/wp-json\/wp\/v2\/pages"}],"about":[{"href":"https:\/\/balcells.cat\/ca\/wp-json\/wp\/v2\/types\/page"}],"author":[{"embeddable":true,"href":"https:\/\/balcells.cat\/ca\/wp-json\/wp\/v2\/users\/3"}],"replies":[{"embeddable":true,"href":"https:\/\/balcells.cat\/ca\/wp-json\/wp\/v2\/comments?post=171"}],"version-history":[{"count":0,"href":"https:\/\/balcells.cat\/ca\/wp-json\/wp\/v2\/pages\/171\/revisions"}],"up":[{"embeddable":true,"href":"https:\/\/balcells.cat\/ca\/wp-json\/wp\/v2\/pages\/73"}],"wp:attachment":[{"href":"https:\/\/balcells.cat\/ca\/wp-json\/wp\/v2\/media?parent=171"}],"curies":[{"name":"wp","href":"https:\/\/api.w.org\/{rel}","templated":true}]}}