{"id":1364,"date":"2016-02-29T13:10:37","date_gmt":"2016-02-29T13:10:37","guid":{"rendered":"http:\/\/test.kriesi.at\/travel\/?page_id=2"},"modified":"2020-03-27T16:57:15","modified_gmt":"2020-03-27T15:57:15","slug":"traumatologia-fisioterapia-osteopatia-granollers","status":"publish","type":"page","link":"https:\/\/balcells.cat\/es\/","title":{"rendered":"Traumatologia, fisioter\u00e0pia i osteopatia a Granollers"},"content":{"rendered":"<div id='full_slider_1'  class='avia-fullwidth-slider main_color avia-shadow   avia-builder-el-0  el_before_av_layout_row  avia-builder-el-first   container_wrap sidebar_right'  >\n<style type=\"text\/css\" data-created_by=\"avia_inline_auto\" id=\"style-css-av-26i17ms-afc2758fc3790b548434db1714aca100\">\n#top #wrap_all .avia-slideshow .av-slideshow-caption.av-26i17ms-afc2758fc3790b548434db1714aca100__0 .avia-caption-title{\nfont-size:30px;\ncolor:#ffffff;\n}\n#top .avia-slideshow .av-slideshow-caption.av-26i17ms-afc2758fc3790b548434db1714aca100__0 .avia-caption-content{\nfont-size:20px;\ncolor:#888888;\n}\n#top .avia-slideshow .av-slideshow-caption.av-26i17ms-afc2758fc3790b548434db1714aca100__0 .avia-caption-content p{\nfont-size:20px;\n}\n\n@media only screen and (min-width: 768px) and (max-width: 989px){ \n#top #wrap_all .avia-slideshow .av-slideshow-caption.av-26i17ms-afc2758fc3790b548434db1714aca100__0 .avia-caption-title{\nfont-size:18px;\n}\n}\n\n@media only screen and (min-width: 480px) and (max-width: 767px){ \n#top #wrap_all .avia-slideshow .av-slideshow-caption.av-26i17ms-afc2758fc3790b548434db1714aca100__0 .avia-caption-title{\nfont-size:18px;\n}\n}\n\n@media only screen and (max-width: 479px){ \n#top #wrap_all .avia-slideshow .av-slideshow-caption.av-26i17ms-afc2758fc3790b548434db1714aca100__0 .avia-caption-title{\nfont-size:18px;\n}\n}\n<\/style>\n<div  class='avia-slideshow av-26i17ms-afc2758fc3790b548434db1714aca100 avia-slideshow-featured av_slideshow_full avia-fade-slider av-slideshow-ui av-control-minimal av-slideshow-autoplay av-loop-endless av-loop-manual-endless av-default-height-applied   avia-slideshow-1' data-slideshow-options=\"{&quot;animation&quot;:&quot;fade&quot;,&quot;autoplay&quot;:true,&quot;loop_autoplay&quot;:&quot;endless&quot;,&quot;interval&quot;:4,&quot;loop_manual&quot;:&quot;manual-endless&quot;,&quot;autoplay_stopper&quot;:false,&quot;noNavigation&quot;:false,&quot;bg_slider&quot;:false,&quot;keep_padding&quot;:false,&quot;hoverpause&quot;:false,&quot;show_slide_delay&quot;:0}\"  itemprop=\"image\" itemscope=\"itemscope\" itemtype=\"https:\/\/schema.org\/ImageObject\" ><ul class='avia-slideshow-inner' style='padding-bottom: 28.666666666667%;'><li  class='avia-slideshow-slide av-26i17ms-afc2758fc3790b548434db1714aca100__0  slide-1 slide-odd'><div data-rel='slideshow-1' class='avia-slide-wrap'   ><div class='av-slideshow-caption av-26i17ms-afc2758fc3790b548434db1714aca100__0 caption_fullwidth caption_left caption_left_framed caption_framed'><div class=\"container caption_container\"><div class=\"slideshow_caption\"><div class=\"slideshow_inner_caption\"><div class=\"slideshow_align_caption\"><h2 class='avia-caption-title'  itemprop=\"name\" >Centre de Traumatologia i Fisioter\u00e0pia a Granollers<\/h2><br\/><a href='https:\/\/balcells.cat\/es\/serveis\/'  class='avia-slideshow-button avia-button avia-color-theme-color avia-multi-slideshow-button' data-duration='800' data-easing='easeInOutQuad'>Serveis<\/a><a href='https:\/\/balcells.cat\/es\/contacte\/'  class='avia-slideshow-button avia-button avia-color-theme-color-subtle avia-multi-slideshow-button avia-slideshow-button-2' data-duration='800' data-easing='easeInOutQuad'>Contacte<\/a><\/div><\/div><\/div><\/div><\/div><img decoding=\"async\" class=\"wp-image-1548 avia-img-lazy-loading-not-1548\"  src=\"https:\/\/balcells.cat\/wp-content\/uploads\/2018\/02\/Balcells-traumatologia-i-fisioterapia-a-Granollers.jpg\" width=\"1500\" height=\"430\" title='Balcells traumatologia i fisioterapia a Granollers' alt=''  itemprop=\"thumbnailUrl\"  style='min-height:250 px; min-width:873px; ' srcset=\"https:\/\/balcells.cat\/wp-content\/uploads\/2018\/02\/Balcells-traumatologia-i-fisioterapia-a-Granollers.jpg 1500w, https:\/\/balcells.cat\/wp-content\/uploads\/2018\/02\/Balcells-traumatologia-i-fisioterapia-a-Granollers-300x86.jpg 300w, https:\/\/balcells.cat\/wp-content\/uploads\/2018\/02\/Balcells-traumatologia-i-fisioterapia-a-Granollers-768x220.jpg 768w, https:\/\/balcells.cat\/wp-content\/uploads\/2018\/02\/Balcells-traumatologia-i-fisioterapia-a-Granollers-1024x294.jpg 1024w, https:\/\/balcells.cat\/wp-content\/uploads\/2018\/02\/Balcells-traumatologia-i-fisioterapia-a-Granollers-705x202.jpg 705w, https:\/\/balcells.cat\/wp-content\/uploads\/2018\/02\/Balcells-traumatologia-i-fisioterapia-a-Granollers-450x129.jpg 450w\" sizes=\"(max-width: 1500px) 100vw, 1500px\" \/><div class='av-section-color-overlay' style='opacity: 0.4; background-color: #88ade3; '><\/div><\/div><\/li><li  class='avia-slideshow-slide av-26i17ms-afc2758fc3790b548434db1714aca100__1  slide-2 slide-even'><div data-rel='slideshow-1' class='avia-slide-wrap'   ><img decoding=\"async\" class=\"wp-image-1850 avia-img-lazy-loading-not-1850\"  src=\"https:\/\/balcells.cat\/wp-content\/uploads\/2020\/03\/P3281526-2-1500x430.jpg\" width=\"1500\" height=\"430\" title='OLYMPUS DIGITAL CAMERA' alt=''  itemprop=\"thumbnailUrl\"  style='min-height:250 px; min-width:873px; ' \/><\/div><\/li><li  class='avia-slideshow-slide av-26i17ms-afc2758fc3790b548434db1714aca100__2  slide-3 slide-odd'><div data-rel='slideshow-1' class='avia-slide-wrap'   ><img decoding=\"async\" class=\"wp-image-1856 avia-img-lazy-loading-not-1856\"  src=\"https:\/\/balcells.cat\/wp-content\/uploads\/2020\/03\/P3271440-2-1500x430.jpg\" width=\"1500\" height=\"430\" title='OLYMPUS DIGITAL CAMERA' alt=''  itemprop=\"thumbnailUrl\"  style='min-height:250 px; min-width:873px; ' \/><\/div><\/li><li  class='avia-slideshow-slide av-26i17ms-afc2758fc3790b548434db1714aca100__3  slide-4 slide-even'><div data-rel='slideshow-1' class='avia-slide-wrap'   ><img decoding=\"async\" class=\"wp-image-1853 avia-img-lazy-loading-not-1853\"  src=\"https:\/\/balcells.cat\/wp-content\/uploads\/2020\/03\/P3271370-3-1500x430.jpg\" width=\"1500\" height=\"430\" title='OLYMPUS DIGITAL CAMERA' alt=''  itemprop=\"thumbnailUrl\"  style='min-height:250 px; min-width:873px; ' \/><\/div><\/li><li  class='avia-slideshow-slide av-26i17ms-afc2758fc3790b548434db1714aca100__4  slide-5 slide-odd'><div data-rel='slideshow-1' class='avia-slide-wrap'   ><img decoding=\"async\" class=\"wp-image-1855 avia-img-lazy-loading-not-1855\"  src=\"https:\/\/balcells.cat\/wp-content\/uploads\/2020\/03\/P3271363-3-1500x430.jpg\" width=\"1500\" height=\"430\" title='OLYMPUS DIGITAL CAMERA' alt=''  itemprop=\"thumbnailUrl\"  style='min-height:250 px; min-width:873px; ' \/><\/div><\/li><li  class='avia-slideshow-slide av-26i17ms-afc2758fc3790b548434db1714aca100__5  slide-6 slide-even'><div data-rel='slideshow-1' class='avia-slide-wrap'   ><img decoding=\"async\" class=\"wp-image-1816 avia-img-lazy-loading-not-1816\"  src=\"https:\/\/balcells.cat\/wp-content\/uploads\/2020\/03\/premamas-iolanda-balcells-1500x430.jpg\" width=\"1500\" height=\"430\" title='OLYMPUS DIGITAL CAMERA' alt=''  itemprop=\"thumbnailUrl\"  style='min-height:250 px; min-width:873px; ' \/><\/div><\/li><\/ul><div class='avia-slideshow-arrows avia-slideshow-controls' ><a href='#prev' class='prev-slide' aria-hidden='true' data-av_icon='\ue87c' data-av_iconfont='entypo-fontello'  tabindex='-1'>Anterior<\/a><a href='#next' class='next-slide' aria-hidden='true' data-av_icon='\ue87d' data-av_iconfont='entypo-fontello'  tabindex='-1'>Posterior<\/a><\/div><div class='avia-slideshow-dots avia-slideshow-controls'><a href='#1' class='goto-slide active' >1<\/a><a href='#2' class='goto-slide' >2<\/a><a href='#3' class='goto-slide' >3<\/a><a href='#4' class='goto-slide' >4<\/a><a href='#5' class='goto-slide' >5<\/a><a href='#6' class='goto-slide' >6<\/a><\/div><\/div><\/div>\n<div id='av-layout-grid-1'  class='av-layout-grid-container av-6x9d6c-205c6fed24ae4e380aaf4c4b07d8e68c entry-content-wrapper main_color av-fixed-cells  avia-builder-el-1  el_after_av_slideshow_full  el_before_av_section  grid-row-not-first  container_wrap sidebar_right'  >\n\n<style type=\"text\/css\" data-created_by=\"avia_inline_auto\" id=\"style-css-av-1vf1sas-699ed43879b7d3fe6b28000a58c05e5e\">\n.flex_cell.av-1vf1sas-699ed43879b7d3fe6b28000a58c05e5e{\nvertical-align:top;\nbackground-color:#406eb1;\n}\n.responsive #top #wrap_all .flex_cell.av-1vf1sas-699ed43879b7d3fe6b28000a58c05e5e{\npadding:9px 0px 0px 0px !important;\n}\n<\/style>\n<div class='flex_cell av-1vf1sas-699ed43879b7d3fe6b28000a58c05e5e av-gridrow-cell av_one_half no_margin  avia-builder-el-2  el_before_av_cell_one_half  avia-builder-el-first' ><div class='flex_cell_inner'><\/div><\/div>\n<style type=\"text\/css\" data-created_by=\"avia_inline_auto\" id=\"style-css-av-1ss5i6s-bd458ded73a1bff9532e78322cfe0cb9\">\n.flex_cell.av-1ss5i6s-bd458ded73a1bff9532e78322cfe0cb9{\nvertical-align:top;\nbackground-color:#b5cef3;\n}\n.responsive #top #wrap_all .flex_cell.av-1ss5i6s-bd458ded73a1bff9532e78322cfe0cb9{\npadding:9px 0px 0px 0px !important;\n}\n<\/style>\n<div class='flex_cell av-1ss5i6s-bd458ded73a1bff9532e78322cfe0cb9 av-gridrow-cell av_one_half no_margin  avia-builder-el-3  el_after_av_cell_one_half  avia-builder-el-last' ><div class='flex_cell_inner'><\/div><\/div>\n<\/div>\n<div id='av_section_1'  class='avia-section av-1rj429w-e9c318d887efdb09191593cb1d1f851f main_color avia-section-huge avia-no-border-styling  avia-builder-el-4  el_after_av_layout_row  el_before_av_section  avia-bg-style-scroll container_wrap sidebar_right'  ><div class='container av-section-cont-open' ><div class='template-page content  av-content-small alpha units'><div class='post-entry post-entry-type-page post-entry-1364'><div class='entry-content-wrapper clearfix'>\n<div class='flex_column_table av-1pf4xro-7c62872e4ebf12acaf6c7685e4676d00 sc-av_one_third av-equal-height-column-flextable'>\n<style type=\"text\/css\" data-created_by=\"avia_inline_auto\" id=\"style-css-av-1pf4xro-7c62872e4ebf12acaf6c7685e4676d00\">\n#top .flex_column_table.av-equal-height-column-flextable.av-1pf4xro-7c62872e4ebf12acaf6c7685e4676d00{\nmargin-top:-200px;\nmargin-bottom:0px;\n}\n.flex_column.av-1pf4xro-7c62872e4ebf12acaf6c7685e4676d00{\nborder-radius:0px 0px 0px 0px;\npadding:40px 40px 40px 40px;\nbackground-color:#b5cef3;\n}\n<\/style>\n<div  class='flex_column av-1pf4xro-7c62872e4ebf12acaf6c7685e4676d00 av_one_third  avia-builder-el-5  el_before_av_one_third  avia-builder-el-first  first no_margin flex_column_table_cell av-equal-height-column av-align-top'     ><p>\n<style type=\"text\/css\" data-created_by=\"avia_inline_auto\" id=\"style-css-av-1oee2b8-8668fba6c9db17ee7cc8cc01ddc32307\">\n.av_font_icon.av-1oee2b8-8668fba6c9db17ee7cc8cc01ddc32307{\ncolor:#ffffff;\nborder-color:#ffffff;\n}\n.av_font_icon.av-1oee2b8-8668fba6c9db17ee7cc8cc01ddc32307 .av-icon-char{\nfont-size:60px;\nline-height:60px;\n}\n<\/style>\n<span  class='av_font_icon av-1oee2b8-8668fba6c9db17ee7cc8cc01ddc32307 avia_animate_when_visible av-icon-style- avia-icon-pos-center avia-icon-animate'><span class='av-icon-char' aria-hidden='true' data-av_icon='\uf104' data-av_iconfont='medical' ><\/span><\/span><br \/>\n\n<style type=\"text\/css\" data-created_by=\"avia_inline_auto\" id=\"style-css-av-1mpgk9g-374410be02e175130a91adc8158c4ff1\">\n#top .hr.hr-invisible.av-1mpgk9g-374410be02e175130a91adc8158c4ff1{\nheight:20px;\n}\n<\/style>\n<div  class='hr av-1mpgk9g-374410be02e175130a91adc8158c4ff1 hr-invisible  avia-builder-el-7  el_after_av_font_icon  el_before_av_textblock'><span class='hr-inner'><span class=\"hr-inner-style\"><\/span><\/span><\/div><br \/>\n\n<style type=\"text\/css\" data-created_by=\"avia_inline_auto\" id=\"style-css-av-1kkhuw4-905e8e29bd6d759b12d123f46390aece\">\n#top .av_textblock_section.av-1kkhuw4-905e8e29bd6d759b12d123f46390aece .avia_textblock{\ncolor:#ffffff;\n}\n<\/style>\n<section  class='av_textblock_section av-1kkhuw4-905e8e29bd6d759b12d123f46390aece'   itemscope=\"itemscope\" itemtype=\"https:\/\/schema.org\/CreativeWork\" ><div class='avia_textblock av_inherit_color'  itemprop=\"text\" ><h4 style=\"text-align: center;\">Serveis<\/h4>\n<\/div><\/section><br \/>\n\n<style type=\"text\/css\" data-created_by=\"avia_inline_auto\" id=\"style-css-av-1j9cr7o-994c981f2c2dd84328514628d8cc4bef\">\n#top .hr.hr-invisible.av-1j9cr7o-994c981f2c2dd84328514628d8cc4bef{\nheight:8px;\n}\n<\/style>\n<div  class='hr av-1j9cr7o-994c981f2c2dd84328514628d8cc4bef hr-invisible  avia-builder-el-9  el_after_av_textblock  el_before_av_button'><span class='hr-inner'><span class=\"hr-inner-style\"><\/span><\/span><\/div><br \/>\n<div  class='avia-button-wrap av-1hnipic-ff172cee971546b7798bccb1e7110713-wrap avia-button-center  avia-builder-el-10  el_after_av_hr  avia-builder-el-last'><a href='https:\/\/balcells.cat\/es\/serveis\/'  class='avia-button av-1hnipic-ff172cee971546b7798bccb1e7110713 avia-icon_select-no avia-size-medium avia-position-center avia-color-light'  ><span class='avia_iconbox_title' >Veure serveis<\/span><\/a><\/div><\/p><\/div>\n<style type=\"text\/css\" data-created_by=\"avia_inline_auto\" id=\"style-css-av-5ae8lg-e0cb56506bee1e18edb3b03b774f619b\">\n#top .flex_column_table.av-equal-height-column-flextable.av-5ae8lg-e0cb56506bee1e18edb3b03b774f619b{\nmargin-top:-200px;\nmargin-bottom:0px;\n}\n.flex_column.av-5ae8lg-e0cb56506bee1e18edb3b03b774f619b{\nborder-radius:0px 0px 0px 0px;\npadding:40px 40px 40px 40px;\nbackground-color:#88ade3;\n}\n<\/style>\n<div  class='flex_column av-5ae8lg-e0cb56506bee1e18edb3b03b774f619b av_one_third  avia-builder-el-11  el_after_av_one_third  el_before_av_one_third  no_margin flex_column_table_cell av-equal-height-column av-align-top'     ><p>\n<style type=\"text\/css\" data-created_by=\"avia_inline_auto\" id=\"style-css-av-51t61w-7ac281e8b2a9838d579914b98e57ce42\">\n.av_font_icon.av-51t61w-7ac281e8b2a9838d579914b98e57ce42{\ncolor:#ffffff;\nborder-color:#ffffff;\n}\n.av_font_icon.av-51t61w-7ac281e8b2a9838d579914b98e57ce42 .av-icon-char{\nfont-size:60px;\nline-height:60px;\n}\n<\/style>\n<span  class='av_font_icon av-51t61w-7ac281e8b2a9838d579914b98e57ce42 avia_animate_when_visible av-icon-style- avia-icon-pos-center avia-icon-animate'><span class='av-icon-char' aria-hidden='true' data-av_icon='\uf108' data-av_iconfont='medical' ><\/span><\/span><br \/>\n\n<style type=\"text\/css\" data-created_by=\"avia_inline_auto\" id=\"style-css-av-1dhrrfo-faca4aaca1a7e7e30f3465643931b3d0\">\n#top .hr.hr-invisible.av-1dhrrfo-faca4aaca1a7e7e30f3465643931b3d0{\nheight:20px;\n}\n<\/style>\n<div  class='hr av-1dhrrfo-faca4aaca1a7e7e30f3465643931b3d0 hr-invisible  avia-builder-el-13  el_after_av_font_icon  el_before_av_textblock'><span class='hr-inner'><span class=\"hr-inner-style\"><\/span><\/span><\/div><br \/>\n\n<style type=\"text\/css\" data-created_by=\"avia_inline_auto\" id=\"style-css-av-1bvhfb8-e5aea49fca3ab501f1ba58b234b28c95\">\n#top .av_textblock_section.av-1bvhfb8-e5aea49fca3ab501f1ba58b234b28c95 .avia_textblock{\ncolor:#ffffff;\n}\n<\/style>\n<section  class='av_textblock_section av-1bvhfb8-e5aea49fca3ab501f1ba58b234b28c95'   itemscope=\"itemscope\" itemtype=\"https:\/\/schema.org\/CreativeWork\" ><div class='avia_textblock av_inherit_color'  itemprop=\"text\" ><h4 style=\"text-align: center;\">Equip<\/h4>\n<\/div><\/section><br \/>\n\n<style type=\"text\/css\" data-created_by=\"avia_inline_auto\" id=\"style-css-av-1a2nj90-430cb72be9490f1d7f1f2bb286301e42\">\n#top .hr.hr-invisible.av-1a2nj90-430cb72be9490f1d7f1f2bb286301e42{\nheight:8px;\n}\n<\/style>\n<div  class='hr av-1a2nj90-430cb72be9490f1d7f1f2bb286301e42 hr-invisible  avia-builder-el-15  el_after_av_textblock  el_before_av_button'><span class='hr-inner'><span class=\"hr-inner-style\"><\/span><\/span><\/div><br \/>\n<div  class='avia-button-wrap av-4gix6c-0bf7a8f518fe91acf6b744878db83f4a-wrap avia-button-center  avia-builder-el-16  el_after_av_hr  avia-builder-el-last'><a href='https:\/\/balcells.cat\/es\/qui-som\/'  class='avia-button av-4gix6c-0bf7a8f518fe91acf6b744878db83f4a avia-icon_select-no avia-size-medium avia-position-center avia-color-light'  ><span class='avia_iconbox_title' >Veure equip<\/span><\/a><\/div><\/p><\/div>\n<style type=\"text\/css\" data-created_by=\"avia_inline_auto\" id=\"style-css-av-46s204-ffee0fe1e0aa50fe1103f850dde0c670\">\n#top .flex_column_table.av-equal-height-column-flextable.av-46s204-ffee0fe1e0aa50fe1103f850dde0c670{\nmargin-top:-200px;\nmargin-bottom:0px;\n}\n.flex_column.av-46s204-ffee0fe1e0aa50fe1103f850dde0c670{\nborder-radius:0px 0px 0px 0px;\npadding:40px 40px 40px 40px;\nbackground-color:#406eb1;\n}\n<\/style>\n<div  class='flex_column av-46s204-ffee0fe1e0aa50fe1103f850dde0c670 av_one_third  avia-builder-el-17  el_after_av_one_third  el_before_av_heading  no_margin flex_column_table_cell av-equal-height-column av-align-top'     ><p>\n<style type=\"text\/css\" data-created_by=\"avia_inline_auto\" id=\"style-css-av-14he5x0-70446a22bb6ee8a570f67bc46798c468\">\n.av_font_icon.av-14he5x0-70446a22bb6ee8a570f67bc46798c468{\ncolor:#ffffff;\nborder-color:#ffffff;\n}\n.av_font_icon.av-14he5x0-70446a22bb6ee8a570f67bc46798c468 .av-icon-char{\nfont-size:60px;\nline-height:60px;\n}\n<\/style>\n<span  class='av_font_icon av-14he5x0-70446a22bb6ee8a570f67bc46798c468 avia_animate_when_visible av-icon-style- avia-icon-pos-center avia-icon-animate'><span class='av-icon-char' aria-hidden='true' data-av_icon='\ue842' data-av_iconfont='entypo-fontello' ><\/span><\/span><br \/>\n\n<style type=\"text\/css\" data-created_by=\"avia_inline_auto\" id=\"style-css-av-12fpzis-286e084337513332360cf21e26cc2e2d\">\n#top .hr.hr-invisible.av-12fpzis-286e084337513332360cf21e26cc2e2d{\nheight:20px;\n}\n<\/style>\n<div  class='hr av-12fpzis-286e084337513332360cf21e26cc2e2d hr-invisible  avia-builder-el-19  el_after_av_font_icon  el_before_av_textblock'><span class='hr-inner'><span class=\"hr-inner-style\"><\/span><\/span><\/div><br \/>\n\n<style type=\"text\/css\" data-created_by=\"avia_inline_auto\" id=\"style-css-av-10kbi4k-da3a78a9139b0020c5cc32ac83e58bc8\">\n#top .av_textblock_section.av-10kbi4k-da3a78a9139b0020c5cc32ac83e58bc8 .avia_textblock{\ncolor:#ffffff;\n}\n<\/style>\n<section  class='av_textblock_section av-10kbi4k-da3a78a9139b0020c5cc32ac83e58bc8'   itemscope=\"itemscope\" itemtype=\"https:\/\/schema.org\/CreativeWork\" ><div class='avia_textblock av_inherit_color'  itemprop=\"text\" ><h4 style=\"text-align: center;\">El centre<\/h4>\n<\/div><\/section><br \/>\n\n<style type=\"text\/css\" data-created_by=\"avia_inline_auto\" id=\"style-css-av-zo4lg4-5bb098e17b387f60354806553e836f16\">\n#top .hr.hr-invisible.av-zo4lg4-5bb098e17b387f60354806553e836f16{\nheight:8px;\n}\n<\/style>\n<div  class='hr av-zo4lg4-5bb098e17b387f60354806553e836f16 hr-invisible  avia-builder-el-21  el_after_av_textblock  el_before_av_button'><span class='hr-inner'><span class=\"hr-inner-style\"><\/span><\/span><\/div><br \/>\n<div  class='avia-button-wrap av-3fjwic-c2d1bdcd50ef2c51adc2994775d3d334-wrap avia-button-center  avia-builder-el-22  el_after_av_hr  avia-builder-el-last'><a href='https:\/\/balcells.cat\/es\/instal%c2%b7lacions\/'  class='avia-button av-3fjwic-c2d1bdcd50ef2c51adc2994775d3d334 avia-icon_select-no avia-size-medium avia-position-center avia-color-light'  ><span class='avia_iconbox_title' >Veure centre<\/span><\/a><\/div><\/p><\/div><\/div><!--close column table wrapper. Autoclose: 1 -->\n<style type=\"text\/css\" data-created_by=\"avia_inline_auto\" id=\"style-css-av-38z9zo-7eec68d6f968b17602bd4533a6f89dc8\">\n#top .av-special-heading.av-38z9zo-7eec68d6f968b17602bd4533a6f89dc8{\npadding-bottom:10px;\n}\nbody .av-special-heading.av-38z9zo-7eec68d6f968b17602bd4533a6f89dc8 .av-special-heading-tag .heading-char{\nfont-size:25px;\n}\n.av-special-heading.av-38z9zo-7eec68d6f968b17602bd4533a6f89dc8 .av-subheading{\nfont-size:15px;\n}\n<\/style>\n<div  class='av-special-heading av-38z9zo-7eec68d6f968b17602bd4533a6f89dc8 av-special-heading-h3 blockquote classic-quote  avia-builder-el-23  el_after_av_one_third  avia-builder-el-last'><h3 class='av-special-heading-tag'  itemprop=\"headline\"  >Referent per al tractament integral de les afeccions de l\u2019aparell locomotor a Granollers, Les Franqueses i la comarca del Vall\u00e8s Oriental<\/h3><div class=\"special-heading-border\"><div class=\"special-heading-inner-border\"><\/div><\/div><\/div>\n\n<\/div><\/div><\/div><!-- close content main div --><\/div><\/div>\n<style type=\"text\/css\" data-created_by=\"avia_inline_auto\" id=\"style-css-av-34q8qc-b6168fe462e9f85f7b1d3558c078448c\">\n.avia-section.av-34q8qc-b6168fe462e9f85f7b1d3558c078448c{\nbackground-color:#88ade3;\nbackground-image:unset;\n}\n<\/style>\n<div id='av_section_2'  class='avia-section av-34q8qc-b6168fe462e9f85f7b1d3558c078448c main_color avia-section-default avia-no-shadow  avia-builder-el-24  el_after_av_section  el_before_av_layout_row  avia-bg-style-scroll container_wrap sidebar_right'  ><div class='container av-section-cont-open' ><div class='template-page content  av-content-small alpha units'><div class='post-entry post-entry-type-page post-entry-1364'><div class='entry-content-wrapper clearfix'>\n<div class='flex_column_table av-sk6rx0-feb0338b989286ccb5581ae2f4625276 sc-av_one_third av-equal-height-column-flextable'>\n<style type=\"text\/css\" data-created_by=\"avia_inline_auto\" id=\"style-css-av-sk6rx0-feb0338b989286ccb5581ae2f4625276\">\n.flex_column.av-sk6rx0-feb0338b989286ccb5581ae2f4625276{\nborder-radius:0px 0px 0px 0px;\npadding:0px 0px 0px 0px;\n}\n<\/style>\n<div  class='flex_column av-sk6rx0-feb0338b989286ccb5581ae2f4625276 av_one_third  avia-builder-el-25  el_before_av_one_third  avia-builder-el-first  first flex_column_table_cell av-equal-height-column av-align-top av-zero-column-padding'     ><article  class='iconbox iconbox_left_content av-rbl6zo-ab1227d05ffba1631bcefd99e3d61b57  avia-builder-el-26  avia-builder-el-no-sibling'  itemscope=\"itemscope\" itemtype=\"https:\/\/schema.org\/CreativeWork\" ><div class=\"iconbox_icon heading-color\" aria-hidden='true' data-av_icon='\uf107' data-av_iconfont='medical'><\/div><div class=\"iconbox_content\"><header class=\"entry-content-header\"><h3 class='iconbox_content_title'  itemprop=\"headline\" ><a href='https:\/\/balcells.cat\/es\/contacte\/' title='Demanar hora'  >Demanar hora<\/a><\/h3><\/header><div class='iconbox_content_container'  itemprop=\"text\" ><p>Contactar per a una consulta o tractament.<\/p>\n<\/div><\/div><footer class=\"entry-footer\"><\/footer><\/article><\/div><div class='av-flex-placeholder'><\/div>\n<style type=\"text\/css\" data-created_by=\"avia_inline_auto\" id=\"style-css-av-ozrd0k-a6828037c17e1a5df90bab4b4db3d0bd\">\n.flex_column.av-ozrd0k-a6828037c17e1a5df90bab4b4db3d0bd{\nborder-radius:0px 0px 0px 0px;\npadding:0px 0px 0px 0px;\n}\n<\/style>\n<div  class='flex_column av-ozrd0k-a6828037c17e1a5df90bab4b4db3d0bd av_one_third  avia-builder-el-27  el_after_av_one_third  el_before_av_one_third  flex_column_table_cell av-equal-height-column av-align-top av-zero-column-padding'     ><article  class='iconbox iconbox_left_content av-of2jqs-593a947132d9377003332b692bd8e1a6  avia-builder-el-28  avia-builder-el-no-sibling'  itemscope=\"itemscope\" itemtype=\"https:\/\/schema.org\/CreativeWork\" ><div class=\"iconbox_icon heading-color\" aria-hidden='true' data-av_icon='\uf12e' data-av_iconfont='medical'><\/div><div class=\"iconbox_content\"><header class=\"entry-content-header\"><h3 class='iconbox_content_title'  itemprop=\"headline\" >Tracte personalitzat<\/h3><\/header><div class='iconbox_content_container'  itemprop=\"text\" ><p>Qualitat, amb\u00a0proximitat i immediatesa<\/p>\n<\/div><\/div><footer class=\"entry-footer\"><\/footer><\/article><\/div><div class='av-flex-placeholder'><\/div>\n<style type=\"text\/css\" data-created_by=\"avia_inline_auto\" id=\"style-css-av-n2hks4-f9743722e4ff0a02d79c620548a18efe\">\n.flex_column.av-n2hks4-f9743722e4ff0a02d79c620548a18efe{\nborder-radius:0px 0px 0px 0px;\npadding:0px 0px 0px 0px;\n}\n<\/style>\n<div  class='flex_column av-n2hks4-f9743722e4ff0a02d79c620548a18efe av_one_third  avia-builder-el-29  el_after_av_one_third  avia-builder-el-last  flex_column_table_cell av-equal-height-column av-align-top av-zero-column-padding'     ><article  class='iconbox iconbox_left_content av-20sp6s-79a27ea8c5d511864e78b5bf2505452d  avia-builder-el-30  avia-builder-el-no-sibling'  itemscope=\"itemscope\" itemtype=\"https:\/\/schema.org\/CreativeWork\" ><div class=\"iconbox_icon heading-color\" aria-hidden='true' data-av_icon='\uf124' data-av_iconfont='medical'><\/div><div class=\"iconbox_content\"><header class=\"entry-content-header\"><h3 class='iconbox_content_title'  itemprop=\"headline\" >Intervencions quir\u00fargiques<\/h3><\/header><div class='iconbox_content_container'  itemprop=\"text\" ><p>Acords amb hospitals privats<\/p>\n<\/div><\/div><footer class=\"entry-footer\"><\/footer><\/article><\/div><\/div><!--close column table wrapper. Autoclose: 1 -->\n\n<\/div><\/div><\/div><!-- close content main div --><\/div><\/div><div id='av-layout-grid-2'  class='av-layout-grid-container av-j8d85g-1ba03738749b985fcafaed9f00ed8c07 entry-content-wrapper main_color av-flex-cells  avia-builder-el-31  el_after_av_section  el_before_av_section  grid-row-not-first  container_wrap sidebar_right'  >\n\n<style type=\"text\/css\" data-created_by=\"avia_inline_auto\" id=\"style-css-av-1qbono-e4ca3bf5d744cfc1948bf49c2d0a6830\">\n.flex_cell.av-1qbono-e4ca3bf5d744cfc1948bf49c2d0a6830{\nvertical-align:top;\nheight:500px;\nmin-height:500px;\nbackground:url(https:\/\/balcells.cat\/wp-content\/uploads\/2018\/02\/medicina-de-lesport.jpg) 50% 50% no-repeat scroll #b5cef3;\n}\n.responsive #top #wrap_all .flex_cell.av-1qbono-e4ca3bf5d744cfc1948bf49c2d0a6830{\npadding:0px 0px 0px 0px !important;\n}\n<\/style>\n<div class='flex_cell av-1qbono-e4ca3bf5d744cfc1948bf49c2d0a6830 av-gridrow-cell av_one_half no_margin  avia-builder-el-32  el_before_av_cell_one_half  avia-builder-el-first  av-zero-padding avia-full-stretch' ><div class='flex_cell_inner'><\/div><\/div>\n<style type=\"text\/css\" data-created_by=\"avia_inline_auto\" id=\"style-css-av-gfitpg-69f7d78a4415097855954e7905839e4b\">\n.flex_cell.av-gfitpg-69f7d78a4415097855954e7905839e4b{\nvertical-align:middle;\nheight:500px;\nmin-height:500px;\nbackground-color:#406eb1;\n}\n.responsive #top #wrap_all .flex_cell.av-gfitpg-69f7d78a4415097855954e7905839e4b{\npadding:80px 80px 80px 80px !important;\n}\n<\/style>\n<div class='flex_cell av-gfitpg-69f7d78a4415097855954e7905839e4b av-gridrow-cell av_one_half no_margin  avia-builder-el-33  el_after_av_cell_one_half  avia-builder-el-last' ><div class='flex_cell_inner'><p>\n<style type=\"text\/css\" data-created_by=\"avia_inline_auto\" id=\"style-css-av-etrzqs-a6702c5efe6b5dd6f06f4513c34f0df4\">\n#top .av-special-heading.av-etrzqs-a6702c5efe6b5dd6f06f4513c34f0df4{\npadding-bottom:25px;\ncolor:#ffffff;\nfont-size:34px;\n}\nbody .av-special-heading.av-etrzqs-a6702c5efe6b5dd6f06f4513c34f0df4 .av-special-heading-tag .heading-char{\nfont-size:25px;\n}\n#top #wrap_all .av-special-heading.av-etrzqs-a6702c5efe6b5dd6f06f4513c34f0df4 .av-special-heading-tag{\nfont-size:34px;\n}\n.av-special-heading.av-etrzqs-a6702c5efe6b5dd6f06f4513c34f0df4 .special-heading-inner-border{\nborder-color:#ffffff;\n}\n.av-special-heading.av-etrzqs-a6702c5efe6b5dd6f06f4513c34f0df4 .av-subheading{\nfont-size:15px;\n}\n\n@media only screen and (min-width: 480px) and (max-width: 767px){ \n#top #wrap_all .av-special-heading.av-etrzqs-a6702c5efe6b5dd6f06f4513c34f0df4 .av-special-heading-tag{\nfont-size:0.8em;\n}\n}\n\n@media only screen and (max-width: 479px){ \n#top #wrap_all .av-special-heading.av-etrzqs-a6702c5efe6b5dd6f06f4513c34f0df4 .av-special-heading-tag{\nfont-size:0.8em;\n}\n}\n<\/style>\n<div  class='av-special-heading av-etrzqs-a6702c5efe6b5dd6f06f4513c34f0df4 av-special-heading-h3 custom-color-heading blockquote modern-quote  avia-builder-el-34  el_before_av_magazine  avia-builder-el-first  av-inherit-size'><div class='av_custom_color av-subheading av-subheading_above'><p>Tractament i seguiment d&#8217;esportistes<\/p>\n<\/div><h3 class='av-special-heading-tag'  itemprop=\"headline\"  >MEDICINA DE L\u2019ESPORT<\/h3><div class=\"special-heading-border\"><div class=\"special-heading-inner-border\"><\/div><\/div><\/div><br \/>\n<div  id=\"avia-magazine-1\"  class='av-magazine av-byzi5g-b2aa657ec6cb077c05c6fee5d52d6337  avia-builder-el-35  el_after_av_heading  avia-builder-el-last   avia-builder-el-35  el_after_av_heading  avia-builder-el-last' ><div class='av-magazine-group sort_all'><article class='av-magazine-entry av-magazine-entry-id-520 av-magazine-format-standard av-magazine-type-post av-magazine-entry-1 av-magazine-entry-small'  itemscope=\"itemscope\" itemtype=\"https:\/\/schema.org\/CreativeWork\" ><div class=\"av-magazine-thumbnail\"><a href='https:\/\/balcells.cat\/es\/2012\/11\/consells-per-a-ciclistes-de-tots-els-nivells\/' title='Enlace a: Consells per a ciclistes de tots els nivells' class='av-magazine-thumbnail-link'><img width=\"150\" height=\"150\" src=\"https:\/\/balcells.cat\/wp-content\/uploads\/2012\/11\/consells-per-a-ciclistes-150x150.jpg\" class=\"wp-image-1488 avia-img-lazy-loading-not-1488 attachment-thumbnail size-thumbnail wp-post-image\" alt=\"\" decoding=\"async\" srcset=\"https:\/\/balcells.cat\/wp-content\/uploads\/2012\/11\/consells-per-a-ciclistes-150x150.jpg 150w, https:\/\/balcells.cat\/wp-content\/uploads\/2012\/11\/consells-per-a-ciclistes-36x36.jpg 36w, https:\/\/balcells.cat\/wp-content\/uploads\/2012\/11\/consells-per-a-ciclistes-180x180.jpg 180w, https:\/\/balcells.cat\/wp-content\/uploads\/2012\/11\/consells-per-a-ciclistes-120x120.jpg 120w\" sizes=\"(max-width: 150px) 100vw, 150px\" \/><\/a><\/div><div class=\"av-magazine-content-wrap\"><header class=\"entry-content-header\"><time class='av-magazine-time updated'  itemprop=\"datePublished\" datetime=\"2012-11-11T12:23:43+01:00\" >11 noviembre 2012<\/time><h3 class='av-magazine-title entry-title'  itemprop=\"headline\" ><a href='https:\/\/balcells.cat\/es\/2012\/11\/consells-per-a-ciclistes-de-tots-els-nivells\/' title='Enlace a: Consells per a ciclistes de tots els nivells'>Consells per a ciclistes de tots els nivells<\/a><\/h3><\/header><\/div><footer class=\"entry-footer\"><\/footer><\/article><article class='av-magazine-entry av-magazine-entry-id-495 av-magazine-format-standard av-magazine-type-post av-magazine-entry-2 av-magazine-entry-small'  itemscope=\"itemscope\" itemtype=\"https:\/\/schema.org\/CreativeWork\" ><div class=\"av-magazine-thumbnail\"><a href='https:\/\/balcells.cat\/es\/2012\/10\/que-lhi-ha-passat-a-en-puyol-les-luxacions-de-colze-explicades\/' title='Enlace a: Qu\u00e8 l&#8217;hi ha passat a en Puyol ? Les luxacions de colze explicades.' class='av-magazine-thumbnail-link'><img width=\"150\" height=\"150\" src=\"https:\/\/balcells.cat\/wp-content\/uploads\/2012\/10\/carles-puyol-lesion-codo-champions-league-benfica1-150x150.jpg\" class=\"wp-image-496 avia-img-lazy-loading-not-496 attachment-thumbnail size-thumbnail wp-post-image\" alt=\"\" decoding=\"async\" \/><\/a><\/div><div class=\"av-magazine-content-wrap\"><header class=\"entry-content-header\"><time class='av-magazine-time updated'  itemprop=\"datePublished\" datetime=\"2012-10-06T14:46:17+02:00\" >6 octubre 2012<\/time><h3 class='av-magazine-title entry-title'  itemprop=\"headline\" ><a href='https:\/\/balcells.cat\/es\/2012\/10\/que-lhi-ha-passat-a-en-puyol-les-luxacions-de-colze-explicades\/' title='Enlace a: Qu\u00e8 l&#8217;hi ha passat a en Puyol ? Les luxacions de colze explicades.'>Qu\u00e8 l&#8217;hi ha passat a en Puyol ? Les luxacions de colze explicades.<\/a><\/h3><\/header><\/div><footer class=\"entry-footer\"><\/footer><\/article><article class='av-magazine-entry av-magazine-entry-id-351 av-magazine-format-standard av-magazine-type-post av-magazine-entry-3 av-magazine-entry-small'  itemscope=\"itemscope\" itemtype=\"https:\/\/schema.org\/CreativeWork\" ><div class=\"av-magazine-thumbnail\"><a href='https:\/\/balcells.cat\/es\/2012\/04\/com-evitar-lesions-produides-al-correr\/' title='Enlace a: Com evitar lesions produ\u00efdes al c\u00f3rrer ?' class='av-magazine-thumbnail-link'><img width=\"150\" height=\"150\" src=\"https:\/\/balcells.cat\/wp-content\/uploads\/2012\/04\/group-running-150x150.gif\" class=\"wp-image-359 avia-img-lazy-loading-not-359 attachment-thumbnail size-thumbnail wp-post-image\" alt=\"Grup corrent - Balcells Centre de Traumatologia i Fisoter\u00e0pia a Granollers\" decoding=\"async\" \/><\/a><\/div><div class=\"av-magazine-content-wrap\"><header class=\"entry-content-header\"><time class='av-magazine-time updated'  itemprop=\"datePublished\" datetime=\"2012-04-14T11:41:23+02:00\" >14 abril 2012<\/time><h3 class='av-magazine-title entry-title'  itemprop=\"headline\" ><a href='https:\/\/balcells.cat\/es\/2012\/04\/com-evitar-lesions-produides-al-correr\/' title='Enlace a: Com evitar lesions produ\u00efdes al c\u00f3rrer ?'>Com evitar lesions produ\u00efdes al c\u00f3rrer ?<\/a><\/h3><\/header><\/div><footer class=\"entry-footer\"><\/footer><\/article><\/div><\/div><\/p>\n<\/div><\/div>\n<\/div>\n<div id='av_section_3'  class='avia-section av-bjmqgk-bda2e75745e7f73930d190079ce36ee3 main_color avia-section-default avia-no-border-styling  avia-builder-el-36  el_after_av_layout_row  el_before_av_google_map  avia-bg-style-scroll container_wrap sidebar_right'  ><div class='container av-section-cont-open' ><div class='template-page content  av-content-small alpha units'><div class='post-entry post-entry-type-page post-entry-1364'><div class='entry-content-wrapper clearfix'>\n\n<style type=\"text\/css\" data-created_by=\"avia_inline_auto\" id=\"style-css-av-8x6yhg-8f69aecd1751e849324a33f1378980c9\">\n.flex_column.av-8x6yhg-8f69aecd1751e849324a33f1378980c9{\nborder-radius:0px 0px 0px 0px;\npadding:0px 0px 0px 0px;\n}\n<\/style>\n<div  class='flex_column av-8x6yhg-8f69aecd1751e849324a33f1378980c9 av_one_full  avia-builder-el-37  avia-builder-el-no-sibling  first flex_column_div av-animated-generic bottom-to-top av-zero-column-padding'     ><p>\n<style type=\"text\/css\" data-created_by=\"avia_inline_auto\" id=\"style-css-av-80a45w-0e646fb9a42ebc612ade82970aa12b00\">\n#top .av-special-heading.av-80a45w-0e646fb9a42ebc612ade82970aa12b00{\npadding-bottom:20px;\ncolor:#88ade3;\nfont-size:34px;\n}\nbody .av-special-heading.av-80a45w-0e646fb9a42ebc612ade82970aa12b00 .av-special-heading-tag .heading-char{\nfont-size:25px;\n}\n#top #wrap_all .av-special-heading.av-80a45w-0e646fb9a42ebc612ade82970aa12b00 .av-special-heading-tag{\nfont-size:34px;\n}\n.av-special-heading.av-80a45w-0e646fb9a42ebc612ade82970aa12b00 .special-heading-inner-border{\nborder-color:#88ade3;\n}\n.av-special-heading.av-80a45w-0e646fb9a42ebc612ade82970aa12b00 .av-subheading{\nfont-size:15px;\n}\n\n@media only screen and (min-width: 480px) and (max-width: 767px){ \n#top #wrap_all .av-special-heading.av-80a45w-0e646fb9a42ebc612ade82970aa12b00 .av-special-heading-tag{\nfont-size:0.8em;\n}\n}\n\n@media only screen and (max-width: 479px){ \n#top #wrap_all .av-special-heading.av-80a45w-0e646fb9a42ebc612ade82970aa12b00 .av-special-heading-tag{\nfont-size:0.8em;\n}\n}\n<\/style>\n<div  class='av-special-heading av-80a45w-0e646fb9a42ebc612ade82970aa12b00 av-special-heading-h3 custom-color-heading blockquote modern-quote modern-centered  avia-builder-el-38  el_before_av_postslider  avia-builder-el-first  av-inherit-size'><div class='av_custom_color av-subheading av-subheading_above'><p>Us pot interessar<\/p>\n<\/div><h3 class='av-special-heading-tag'  itemprop=\"headline\"  >M\u2019ho pot explicar?<\/h3><div class=\"special-heading-border\"><div class=\"special-heading-inner-border\"><\/div><\/div><\/div><br \/>\n<div  data-slideshow-options=\"{&quot;animation&quot;:&quot;fade&quot;,&quot;autoplay&quot;:false,&quot;loop_autoplay&quot;:&quot;once&quot;,&quot;interval&quot;:&quot;5&quot;,&quot;loop_manual&quot;:&quot;manual-endless&quot;,&quot;autoplay_stopper&quot;:false,&quot;noNavigation&quot;:false,&quot;show_slide_delay&quot;:90}\" class='avia-content-slider avia-content-slider-active avia-content-slider1 avia-content-slider-even  avia-builder-el-39  el_after_av_heading  avia-builder-el-last  av-slideshow-ui av-control-default   av-no-slider-navigation av-slideshow-manual av-loop-once av-loop-manual-endless'  itemscope=\"itemscope\" itemtype=\"https:\/\/schema.org\/Blog\" ><div class=\"avia-content-slider-inner\"><div class=\"slide-entry-wrap\"><article class='slide-entry flex_column  post-entry post-entry-1957 slide-entry-overview slide-loop-1 slide-parity-odd  av_one_fourth first real-thumbnail posttype-post post-format-standard'  itemscope=\"itemscope\" itemtype=\"https:\/\/schema.org\/CreativeWork\" ><a href='https:\/\/balcells.cat\/es\/2020\/04\/cada-respirador-3d-salvara-una-vida\/' data-rel='slide-1' class='slide-image' title='Cada respirador 3D salvar\u00e0 una vida'><img width=\"300\" height=\"169\" src=\"https:\/\/balcells.cat\/wp-content\/uploads\/2020\/04\/img_iorovio_20200327-110251_imagenes_lv_terceros_manel_balcells_amb_leitat1-kauG-1DXGEWP115HRNBA2-992x558@LaVanguardia-Web-300x169.jpg\" class=\"wp-image-1958 avia-img-lazy-loading-not-1958 attachment-medium size-medium wp-post-image\" alt=\"\" decoding=\"async\" srcset=\"https:\/\/balcells.cat\/wp-content\/uploads\/2020\/04\/img_iorovio_20200327-110251_imagenes_lv_terceros_manel_balcells_amb_leitat1-kauG-1DXGEWP115HRNBA2-992x558@LaVanguardia-Web-300x169.jpg 300w, https:\/\/balcells.cat\/wp-content\/uploads\/2020\/04\/img_iorovio_20200327-110251_imagenes_lv_terceros_manel_balcells_amb_leitat1-kauG-1DXGEWP115HRNBA2-992x558@LaVanguardia-Web-768x433.jpg 768w, https:\/\/balcells.cat\/wp-content\/uploads\/2020\/04\/img_iorovio_20200327-110251_imagenes_lv_terceros_manel_balcells_amb_leitat1-kauG-1DXGEWP115HRNBA2-992x558@LaVanguardia-Web-705x398.jpg 705w, https:\/\/balcells.cat\/wp-content\/uploads\/2020\/04\/img_iorovio_20200327-110251_imagenes_lv_terceros_manel_balcells_amb_leitat1-kauG-1DXGEWP115HRNBA2-992x558@LaVanguardia-Web-450x254.jpg 450w, https:\/\/balcells.cat\/wp-content\/uploads\/2020\/04\/img_iorovio_20200327-110251_imagenes_lv_terceros_manel_balcells_amb_leitat1-kauG-1DXGEWP115HRNBA2-992x558@LaVanguardia-Web.jpg 989w\" sizes=\"(max-width: 300px) 100vw, 300px\" \/><\/a><div class=\"slide-content\"><header class=\"entry-content-header\"><h3 class='slide-entry-title entry-title'  itemprop=\"headline\" ><a href='https:\/\/balcells.cat\/es\/2020\/04\/cada-respirador-3d-salvara-una-vida\/' title='Cada respirador 3D salvar\u00e0 una vida'>Cada respirador 3D salvar\u00e0 una vida<\/a><\/h3><span class=\"av-vertical-delimiter\"><\/span><\/header><div class=\"slide-meta\"><time class='slide-meta-time updated'  itemprop=\"datePublished\" datetime=\"2020-04-21T15:53:44+02:00\" >21 abril 2020<\/time><div class=\"slide-meta-del\">\/<\/div><div class=\"slide-meta-comments\"><a href='https:\/\/balcells.cat\/es\/2020\/04\/cada-respirador-3d-salvara-una-vida\/#comments'>1 Comentario<\/a><\/div><\/div><div class='slide-entry-excerpt entry-content'  itemprop=\"text\" >S\u00f3n molts els professionals que treballen des d\u2019avui, a ritme\u2026<\/div><\/div><footer class=\"entry-footer\"><\/footer><span class='hidden'>\n\t\t\t\t<span class='av-structured-data'  itemprop=\"image\" itemscope=\"itemscope\" itemtype=\"https:\/\/schema.org\/ImageObject\" >\n\t\t\t\t\t\t<span itemprop='url'>https:\/\/balcells.cat\/wp-content\/uploads\/2020\/04\/img_iorovio_20200327-110251_imagenes_lv_terceros_manel_balcells_amb_leitat1-kauG-1DXGEWP115HRNBA2-992x558@LaVanguardia-Web.jpg<\/span>\n\t\t\t\t\t\t<span itemprop='height'>558<\/span>\n\t\t\t\t\t\t<span itemprop='width'>989<\/span>\n\t\t\t\t<\/span>\n\t\t\t\t<span class='av-structured-data'  itemprop=\"publisher\" itemtype=\"https:\/\/schema.org\/Organization\" itemscope=\"itemscope\" >\n\t\t\t\t\t\t<span itemprop='name'>Centre Balcells<\/span>\n\t\t\t\t\t\t<span itemprop='logo' itemscope itemtype='https:\/\/schema.org\/ImageObject'>\n\t\t\t\t\t\t\t<span itemprop='url'>http:\/\/balcells.cat\/wp-content\/uploads\/2018\/01\/balcells-traumatologia-i-fisioterapia-granollers-1.png<\/span>\n\t\t\t\t\t\t<\/span>\n\t\t\t\t<\/span><span class='av-structured-data'  itemprop=\"author\" itemscope=\"itemscope\" itemtype=\"https:\/\/schema.org\/Person\" ><span itemprop='name'>Centre Balcells<\/span><\/span><span class='av-structured-data'  itemprop=\"datePublished\" datetime=\"2016-02-29T13:10:37+01:00\" >2020-04-21 15:53:44<\/span><span class='av-structured-data'  itemprop=\"dateModified\" itemtype=\"https:\/\/schema.org\/dateModified\" >2020-04-21 16:08:03<\/span><span class='av-structured-data'  itemprop=\"mainEntityOfPage\" itemtype=\"https:\/\/schema.org\/mainEntityOfPage\" ><span itemprop='name'>Cada respirador 3D salvar\u00e0 una vida<\/span><\/span><\/span><\/article><article class='slide-entry flex_column  post-entry post-entry-495 slide-entry-overview slide-loop-2 slide-parity-even  av_one_fourth  real-thumbnail posttype-post post-format-standard'  itemscope=\"itemscope\" itemtype=\"https:\/\/schema.org\/CreativeWork\" ><a href='https:\/\/balcells.cat\/es\/2012\/10\/que-lhi-ha-passat-a-en-puyol-les-luxacions-de-colze-explicades\/' data-rel='slide-1' class='slide-image' title='Qu\u00e8 l&#8217;hi ha passat a en Puyol ? Les luxacions de colze explicades.'><img width=\"300\" height=\"157\" src=\"https:\/\/balcells.cat\/wp-content\/uploads\/2012\/10\/carles-puyol-lesion-codo-champions-league-benfica1-300x157.jpg\" class=\"wp-image-496 avia-img-lazy-loading-not-496 attachment-medium size-medium wp-post-image\" alt=\"\" decoding=\"async\" srcset=\"https:\/\/balcells.cat\/wp-content\/uploads\/2012\/10\/carles-puyol-lesion-codo-champions-league-benfica1-300x157.jpg 300w, https:\/\/balcells.cat\/wp-content\/uploads\/2012\/10\/carles-puyol-lesion-codo-champions-league-benfica1.jpg 500w\" sizes=\"(max-width: 300px) 100vw, 300px\" \/><\/a><div class=\"slide-content\"><header class=\"entry-content-header\"><h3 class='slide-entry-title entry-title'  itemprop=\"headline\" ><a href='https:\/\/balcells.cat\/es\/2012\/10\/que-lhi-ha-passat-a-en-puyol-les-luxacions-de-colze-explicades\/' title='Qu\u00e8 l&#8217;hi ha passat a en Puyol ? Les luxacions de colze explicades.'>Qu\u00e8 l&#8217;hi ha passat a en Puyol ? Les luxacions de colze explicades.<\/a><\/h3><span class=\"av-vertical-delimiter\"><\/span><\/header><div class=\"slide-meta\"><time class='slide-meta-time updated'  itemprop=\"datePublished\" datetime=\"2012-10-06T14:46:17+02:00\" >6 octubre 2012<\/time><\/div><div class='slide-entry-excerpt entry-content'  itemprop=\"text\" >\r\n\r\nAquesta setmana, l\u2019actualitat esportiva ha dut a les primeres\u2026<\/div><\/div><footer class=\"entry-footer\"><\/footer><span class='hidden'>\n\t\t\t\t<span class='av-structured-data'  itemprop=\"image\" itemscope=\"itemscope\" itemtype=\"https:\/\/schema.org\/ImageObject\" >\n\t\t\t\t\t\t<span itemprop='url'>https:\/\/balcells.cat\/wp-content\/uploads\/2012\/10\/carles-puyol-lesion-codo-champions-league-benfica1.jpg<\/span>\n\t\t\t\t\t\t<span itemprop='height'>262<\/span>\n\t\t\t\t\t\t<span itemprop='width'>500<\/span>\n\t\t\t\t<\/span>\n\t\t\t\t<span class='av-structured-data'  itemprop=\"publisher\" itemtype=\"https:\/\/schema.org\/Organization\" itemscope=\"itemscope\" >\n\t\t\t\t\t\t<span itemprop='name'>Dr Eudald Balcells<\/span>\n\t\t\t\t\t\t<span itemprop='logo' itemscope itemtype='https:\/\/schema.org\/ImageObject'>\n\t\t\t\t\t\t\t<span itemprop='url'>http:\/\/balcells.cat\/wp-content\/uploads\/2018\/01\/balcells-traumatologia-i-fisioterapia-granollers-1.png<\/span>\n\t\t\t\t\t\t<\/span>\n\t\t\t\t<\/span><span class='av-structured-data'  itemprop=\"author\" itemscope=\"itemscope\" itemtype=\"https:\/\/schema.org\/Person\" ><span itemprop='name'>Dr Eudald Balcells<\/span><\/span><span class='av-structured-data'  itemprop=\"datePublished\" datetime=\"2016-02-29T13:10:37+01:00\" >2012-10-06 14:46:17<\/span><span class='av-structured-data'  itemprop=\"dateModified\" itemtype=\"https:\/\/schema.org\/dateModified\" >2018-02-04 20:19:31<\/span><span class='av-structured-data'  itemprop=\"mainEntityOfPage\" itemtype=\"https:\/\/schema.org\/mainEntityOfPage\" ><span itemprop='name'>Qu\u00e8 l&#8217;hi ha passat a en Puyol ? Les luxacions de colze explicades.<\/span><\/span><\/span><\/article><article class='slide-entry flex_column  post-entry post-entry-492 slide-entry-overview slide-loop-3 slide-parity-odd  av_one_fourth  real-thumbnail posttype-post post-format-standard'  itemscope=\"itemscope\" itemtype=\"https:\/\/schema.org\/CreativeWork\" ><a href='https:\/\/balcells.cat\/es\/2012\/09\/els-factors-de-creixement-acceleren-la-curacio-de-les-lesions-al-tendo-daquil-les\/' data-rel='slide-1' class='slide-image' title='Els factors de creixement acceleren la curaci\u00f3 de les lesions al tend\u00f3 d&#8217;Aquil.les'><img width=\"300\" height=\"277\" src=\"https:\/\/balcells.cat\/wp-content\/uploads\/2013\/03\/platelet_rich_plasma_0-large-300x277.png\" class=\"wp-image-640 avia-img-lazy-loading-not-640 attachment-medium size-medium wp-post-image\" alt=\"Factors de creixement\" decoding=\"async\" srcset=\"https:\/\/balcells.cat\/wp-content\/uploads\/2013\/03\/platelet_rich_plasma_0-large-300x277.png 300w, https:\/\/balcells.cat\/wp-content\/uploads\/2013\/03\/platelet_rich_plasma_0-large-162x150.png 162w, https:\/\/balcells.cat\/wp-content\/uploads\/2013\/03\/platelet_rich_plasma_0-large.png 400w\" sizes=\"(max-width: 300px) 100vw, 300px\" \/><\/a><div class=\"slide-content\"><header class=\"entry-content-header\"><h3 class='slide-entry-title entry-title'  itemprop=\"headline\" ><a href='https:\/\/balcells.cat\/es\/2012\/09\/els-factors-de-creixement-acceleren-la-curacio-de-les-lesions-al-tendo-daquil-les\/' title='Els factors de creixement acceleren la curaci\u00f3 de les lesions al tend\u00f3 d&#8217;Aquil.les'>Els factors de creixement acceleren la curaci\u00f3 de les lesions al tend\u00f3 d&#8217;Aquil.les<\/a><\/h3><span class=\"av-vertical-delimiter\"><\/span><\/header><div class=\"slide-meta\"><time class='slide-meta-time updated'  itemprop=\"datePublished\" datetime=\"2012-09-17T19:54:27+02:00\" >17 septiembre 2012<\/time><\/div><div class='slide-entry-excerpt entry-content'  itemprop=\"text\" >\r\n\r\nAl Congr\u00e9s de l'Associaci\u00f3 Brit\u00e0nica de Cirurgia Ortop\u00e8dica\u2026<\/div><\/div><footer class=\"entry-footer\"><\/footer><span class='hidden'>\n\t\t\t\t<span class='av-structured-data'  itemprop=\"image\" itemscope=\"itemscope\" itemtype=\"https:\/\/schema.org\/ImageObject\" >\n\t\t\t\t\t\t<span itemprop='url'>https:\/\/balcells.cat\/wp-content\/uploads\/2013\/03\/platelet_rich_plasma_0-large.png<\/span>\n\t\t\t\t\t\t<span itemprop='height'>370<\/span>\n\t\t\t\t\t\t<span itemprop='width'>400<\/span>\n\t\t\t\t<\/span>\n\t\t\t\t<span class='av-structured-data'  itemprop=\"publisher\" itemtype=\"https:\/\/schema.org\/Organization\" itemscope=\"itemscope\" >\n\t\t\t\t\t\t<span itemprop='name'>Dr Eudald Balcells<\/span>\n\t\t\t\t\t\t<span itemprop='logo' itemscope itemtype='https:\/\/schema.org\/ImageObject'>\n\t\t\t\t\t\t\t<span itemprop='url'>http:\/\/balcells.cat\/wp-content\/uploads\/2018\/01\/balcells-traumatologia-i-fisioterapia-granollers-1.png<\/span>\n\t\t\t\t\t\t<\/span>\n\t\t\t\t<\/span><span class='av-structured-data'  itemprop=\"author\" itemscope=\"itemscope\" itemtype=\"https:\/\/schema.org\/Person\" ><span itemprop='name'>Dr Eudald Balcells<\/span><\/span><span class='av-structured-data'  itemprop=\"datePublished\" datetime=\"2016-02-29T13:10:37+01:00\" >2012-09-17 19:54:27<\/span><span class='av-structured-data'  itemprop=\"dateModified\" itemtype=\"https:\/\/schema.org\/dateModified\" >2018-01-21 21:25:07<\/span><span class='av-structured-data'  itemprop=\"mainEntityOfPage\" itemtype=\"https:\/\/schema.org\/mainEntityOfPage\" ><span itemprop='name'>Els factors de creixement acceleren la curaci\u00f3 de les lesions al tend\u00f3 d&#8217;Aquil.les<\/span><\/span><\/span><\/article><article class='slide-entry flex_column  post-entry post-entry-426 slide-entry-overview slide-loop-4 slide-parity-even  post-entry-last  av_one_fourth  real-thumbnail posttype-post post-format-standard'  itemscope=\"itemscope\" itemtype=\"https:\/\/schema.org\/CreativeWork\" ><a href='https:\/\/balcells.cat\/es\/2012\/05\/artroscopia-despatlla\/' data-rel='slide-1' class='slide-image' title='Artrosc\u00f2pia d&#8217;espatlla'><img width=\"300\" height=\"225\" src=\"https:\/\/balcells.cat\/wp-content\/uploads\/2012\/05\/artroscopia-espatlla-300x225.jpg\" class=\"wp-image-1501 avia-img-lazy-loading-not-1501 attachment-medium size-medium wp-post-image\" alt=\"\" decoding=\"async\" srcset=\"https:\/\/balcells.cat\/wp-content\/uploads\/2012\/05\/artroscopia-espatlla-300x225.jpg 300w, https:\/\/balcells.cat\/wp-content\/uploads\/2012\/05\/artroscopia-espatlla-450x338.jpg 450w, https:\/\/balcells.cat\/wp-content\/uploads\/2012\/05\/artroscopia-espatlla.jpg 640w\" sizes=\"(max-width: 300px) 100vw, 300px\" \/><\/a><div class=\"slide-content\"><header class=\"entry-content-header\"><h3 class='slide-entry-title entry-title'  itemprop=\"headline\" ><a href='https:\/\/balcells.cat\/es\/2012\/05\/artroscopia-despatlla\/' title='Artrosc\u00f2pia d&#8217;espatlla'>Artrosc\u00f2pia d&#8217;espatlla<\/a><\/h3><span class=\"av-vertical-delimiter\"><\/span><\/header><div class=\"slide-meta\"><time class='slide-meta-time updated'  itemprop=\"datePublished\" datetime=\"2012-05-28T14:12:39+02:00\" >28 mayo 2012<\/time><\/div><div class='slide-entry-excerpt entry-content'  itemprop=\"text\" >\r\n\r\n\r\nL\u2019espatlla \u00e9s una articulaci\u00f3 molt m\u00f3bil en comparaci\u00f3\u2026<\/div><\/div><footer class=\"entry-footer\"><\/footer><span class='hidden'>\n\t\t\t\t<span class='av-structured-data'  itemprop=\"image\" itemscope=\"itemscope\" itemtype=\"https:\/\/schema.org\/ImageObject\" >\n\t\t\t\t\t\t<span itemprop='url'>https:\/\/balcells.cat\/wp-content\/uploads\/2012\/05\/artroscopia-espatlla.jpg<\/span>\n\t\t\t\t\t\t<span itemprop='height'>480<\/span>\n\t\t\t\t\t\t<span itemprop='width'>640<\/span>\n\t\t\t\t<\/span>\n\t\t\t\t<span class='av-structured-data'  itemprop=\"publisher\" itemtype=\"https:\/\/schema.org\/Organization\" itemscope=\"itemscope\" >\n\t\t\t\t\t\t<span itemprop='name'>Dr Eudald Balcells<\/span>\n\t\t\t\t\t\t<span itemprop='logo' itemscope itemtype='https:\/\/schema.org\/ImageObject'>\n\t\t\t\t\t\t\t<span itemprop='url'>http:\/\/balcells.cat\/wp-content\/uploads\/2018\/01\/balcells-traumatologia-i-fisioterapia-granollers-1.png<\/span>\n\t\t\t\t\t\t<\/span>\n\t\t\t\t<\/span><span class='av-structured-data'  itemprop=\"author\" itemscope=\"itemscope\" itemtype=\"https:\/\/schema.org\/Person\" ><span itemprop='name'>Dr Eudald Balcells<\/span><\/span><span class='av-structured-data'  itemprop=\"datePublished\" datetime=\"2016-02-29T13:10:37+01:00\" >2012-05-28 14:12:39<\/span><span class='av-structured-data'  itemprop=\"dateModified\" itemtype=\"https:\/\/schema.org\/dateModified\" >2018-01-21 21:25:14<\/span><span class='av-structured-data'  itemprop=\"mainEntityOfPage\" itemtype=\"https:\/\/schema.org\/mainEntityOfPage\" ><span itemprop='name'>Artrosc\u00f2pia d&#8217;espatlla<\/span><\/span><\/span><\/article><\/div><\/div><\/div><\/p><\/div>\n\n<div  class='av_gmaps_sc_main_wrap av_gmaps_main_wrap'><div id='av_gmap_0' class='avia-google-map-container avia-google-map-sc av_gmaps_show_unconditionally av-no-fallback-img' data-mapid='av_gmap_0'  style='height: 400px;'><a class=\"av_gmaps_browser_disabled av_text_confirm_link av_text_confirm_link_visible\" href=\"https:\/\/www.google.com\/maps\/search\/?api=1&#038;query=Carrer%20Pont,%2011,%2008520%20Corr\u00f3%20d\u2019Avall\" target=\"_blank\" rel=\"noopener\">Maps were disabled by the visitor on this site. Click to open the map in a new window.<\/a><\/div><\/div>","protected":false},"excerpt":{"rendered":"","protected":false},"author":5,"featured_media":0,"parent":0,"menu_order":0,"comment_status":"closed","ping_status":"open","template":"","meta":[],"yoast_head":"<!-- This site is optimized with the Yoast SEO plugin v21.8 - https:\/\/yoast.com\/wordpress\/plugins\/seo\/ -->\n<title>Traumatologia, fisioter\u00e0pia i osteopatia a Granollers - Balcells.cat<\/title>\n<meta name=\"robots\" content=\"index, follow, max-snippet:-1, max-image-preview:large, max-video-preview:-1\" \/>\n<link rel=\"canonical\" href=\"https:\/\/balcells.cat\/es\/\" \/>\n<meta property=\"og:locale\" content=\"es_ES\" \/>\n<meta property=\"og:type\" content=\"article\" \/>\n<meta property=\"og:title\" content=\"Traumatologia, fisioter\u00e0pia i osteopatia a Granollers - Balcells.cat\" \/>\n<meta property=\"og:url\" content=\"https:\/\/balcells.cat\/es\/\" \/>\n<meta property=\"og:site_name\" content=\"Balcells.cat\" \/>\n<meta property=\"article:publisher\" content=\"https:\/\/www.facebook.com\/BalcellsCentreTraumatologiaiFisioterapia\/\" \/>\n<meta property=\"article:modified_time\" content=\"2020-03-27T15:57:15+00:00\" \/>\n<meta name=\"twitter:label1\" content=\"Tiempo de lectura\" \/>\n\t<meta name=\"twitter:data1\" content=\"15 minutos\" \/>\n<script type=\"application\/ld+json\" class=\"yoast-schema-graph\">{\"@context\":\"https:\/\/schema.org\",\"@graph\":[{\"@type\":\"WebPage\",\"@id\":\"https:\/\/balcells.cat\/\",\"url\":\"https:\/\/balcells.cat\/\",\"name\":\"Traumatologia, fisioter\u00e0pia i osteopatia a Granollers - Balcells.cat\",\"isPartOf\":{\"@id\":\"https:\/\/balcells.cat\/#website\"},\"datePublished\":\"2016-02-29T13:10:37+00:00\",\"dateModified\":\"2020-03-27T15:57:15+00:00\",\"inLanguage\":\"es\",\"potentialAction\":[{\"@type\":\"ReadAction\",\"target\":[\"https:\/\/balcells.cat\/\"]}]},{\"@type\":\"WebSite\",\"@id\":\"https:\/\/balcells.cat\/#website\",\"url\":\"https:\/\/balcells.cat\/\",\"name\":\"Balcells.cat\",\"description\":\"Centre de Traumatologia i Fisioter\u00e0pia\",\"potentialAction\":[{\"@type\":\"SearchAction\",\"target\":{\"@type\":\"EntryPoint\",\"urlTemplate\":\"https:\/\/balcells.cat\/?s={search_term_string}\"},\"query-input\":\"required name=search_term_string\"}],\"inLanguage\":\"es\"}]}<\/script>\n<!-- \/ Yoast SEO plugin. -->","yoast_head_json":{"title":"Traumatologia, fisioter\u00e0pia i osteopatia a Granollers - Balcells.cat","robots":{"index":"index","follow":"follow","max-snippet":"max-snippet:-1","max-image-preview":"max-image-preview:large","max-video-preview":"max-video-preview:-1"},"canonical":"https:\/\/balcells.cat\/es\/","og_locale":"es_ES","og_type":"article","og_title":"Traumatologia, fisioter\u00e0pia i osteopatia a Granollers - Balcells.cat","og_url":"https:\/\/balcells.cat\/es\/","og_site_name":"Balcells.cat","article_publisher":"https:\/\/www.facebook.com\/BalcellsCentreTraumatologiaiFisioterapia\/","article_modified_time":"2020-03-27T15:57:15+00:00","twitter_misc":{"Tiempo de lectura":"15 minutos"},"schema":{"@context":"https:\/\/schema.org","@graph":[{"@type":"WebPage","@id":"https:\/\/balcells.cat\/","url":"https:\/\/balcells.cat\/","name":"Traumatologia, fisioter\u00e0pia i osteopatia a Granollers - Balcells.cat","isPartOf":{"@id":"https:\/\/balcells.cat\/#website"},"datePublished":"2016-02-29T13:10:37+00:00","dateModified":"2020-03-27T15:57:15+00:00","inLanguage":"es","potentialAction":[{"@type":"ReadAction","target":["https:\/\/balcells.cat\/"]}]},{"@type":"WebSite","@id":"https:\/\/balcells.cat\/#website","url":"https:\/\/balcells.cat\/","name":"Balcells.cat","description":"Centre de Traumatologia i Fisioter\u00e0pia","potentialAction":[{"@type":"SearchAction","target":{"@type":"EntryPoint","urlTemplate":"https:\/\/balcells.cat\/?s={search_term_string}"},"query-input":"required name=search_term_string"}],"inLanguage":"es"}]}},"_links":{"self":[{"href":"https:\/\/balcells.cat\/es\/wp-json\/wp\/v2\/pages\/1364"}],"collection":[{"href":"https:\/\/balcells.cat\/es\/wp-json\/wp\/v2\/pages"}],"about":[{"href":"https:\/\/balcells.cat\/es\/wp-json\/wp\/v2\/types\/page"}],"author":[{"embeddable":true,"href":"https:\/\/balcells.cat\/es\/wp-json\/wp\/v2\/users\/5"}],"replies":[{"embeddable":true,"href":"https:\/\/balcells.cat\/es\/wp-json\/wp\/v2\/comments?post=1364"}],"version-history":[{"count":0,"href":"https:\/\/balcells.cat\/es\/wp-json\/wp\/v2\/pages\/1364\/revisions"}],"wp:attachment":[{"href":"https:\/\/balcells.cat\/es\/wp-json\/wp\/v2\/media?parent=1364"}],"curies":[{"name":"wp","href":"https:\/\/api.w.org\/{rel}","templated":true}]}}