{"id":203,"date":"2012-03-04T21:53:57","date_gmt":"2012-03-04T20:53:57","guid":{"rendered":"http:\/\/balcells.cat\/?page_id=203"},"modified":"2013-05-06T09:37:33","modified_gmt":"2013-05-06T07:37:33","slug":"factors-de-creixement","status":"publish","type":"page","link":"https:\/\/balcells.cat\/es\/serveis\/traumatologia\/factors-de-creixement\/","title":{"rendered":"Factors de creixement"},"content":{"rendered":"<p><!--:CA--><\/p>\n<h1 style=\"text-align: justify;\"><a style=\"color: #ff4b33; line-height: 24px; font-size: 16px;\" href=\"http:\/\/balcells.cat\/wp-content\/uploads\/2013\/03\/platelet_rich_plasma_0-large.png\"><img decoding=\"async\" loading=\"lazy\" class=\"alignleft size-medium wp-image-640\" alt=\"Factors de creixement\" src=\"http:\/\/balcells.cat\/wp-content\/uploads\/2013\/03\/platelet_rich_plasma_0-large-300x277.png\" width=\"300\" height=\"277\" srcset=\"https:\/\/balcells.cat\/wp-content\/uploads\/2013\/03\/platelet_rich_plasma_0-large-300x277.png 300w, https:\/\/balcells.cat\/wp-content\/uploads\/2013\/03\/platelet_rich_plasma_0-large-162x150.png 162w, https:\/\/balcells.cat\/wp-content\/uploads\/2013\/03\/platelet_rich_plasma_0-large.png 400w\" sizes=\"(max-width: 300px) 100vw, 300px\" \/><\/a><\/h1>\n<p><strong><span style=\"color: #88ade3;\">1- Qu\u00e8 s\u00f3n realment els factors de creixement plaquetaris o el tamb\u00e9 anomenat plasma ric en plaquetes?<\/span><\/strong><\/p>\n<p style=\"text-align: justify;\"><span style=\"font-size: 14px;\"><span style=\"font-family: arial,helvetica,sans-serif;\">Un factor de creixement \u00e9s un senyal biol\u00f2gic que estimula o inhibeix una funci\u00f3 cel\u00b7lular. Generalment, s\u00f3n <strong>prote\u00efnes que promouen el desenvolupament dels teixits<\/strong>. El plasma ric en plaquetes (PRP) s\u2019obt\u00e9 de la sang del propi pacient despr\u00e9s de concentrar i trencar les plaquetes sangu\u00ednies, desprenent aix\u00ed els factors de creixement que aquestes plaquetes contenen.<\/span><\/span><\/p>\n<p><strong><span style=\"color: #88ade3;\">\u00a0<\/span><\/strong><\/p>\n<p><strong><span style=\"color: #88ade3;\">2- Com s\u2019obtenen?<\/span><\/strong><\/p>\n<p style=\"text-align: justify;\"><span style=\"font-size: 14px;\"><span style=\"font-family: arial,helvetica,sans-serif;\">S\u2019extreu <strong>sang venosa del mateix pacient<\/strong>, la qual \u00e9s sotmesa a un proc\u00e9s de centrifugaci\u00f3 per a obtenir un plasma ric en plaquetes. Aquest procediment es realitza en condicions de m\u00e0xima esterilitat i amb totes les garanties. El temps de preparaci\u00f3 \u00e9s d\u2019entre 20 i 30 minuts i, segons el m\u00e8tode emprat, s\u2019aconsegueix concentrar les plaquetes entre 2 i 10 vegades el nivell sanguini basal.<\/span><\/span><\/p>\n<p>&nbsp;<\/p>\n<p><strong><span style=\"color: #88ade3;\">3- S\u00f3n iguals tots els PRP utilitzats actualment?<\/span><\/strong><\/p>\n<p style=\"text-align: justify;\"><span style=\"font-size: 14px;\"><span style=\"font-family: arial,helvetica,sans-serif;\"><strong>No, ja que segons el proc\u00e9s d\u2019elaboraci\u00f3 resultar\u00e0 un producte diferent.<\/strong> Aquests processos determinen clarament diferents proporcions d\u2019eritr\u00f2cits, c\u00e8l.lules mesenquimals perif\u00e8riques i prote\u00efnes s\u00e8riques. Una altra dada d\u2019inter\u00e8s \u00e9s el nombre de leuc\u00f2cits, ja que segons el proc\u00e9s d\u2019elaboraci\u00f3 al que s\u2019hagi sotm\u00e8s la sang hi haur\u00e0 o no un continguts d\u2019aquests.<\/span><\/span><\/p>\n<p>&nbsp;<\/p>\n<p><strong><span style=\"color: #88ade3;\">4- Com actuen els PRP?<\/span><\/strong><\/p>\n<p style=\"text-align: justify;\"><span style=\"font-size: 14px;\"><span style=\"font-family: arial,helvetica,sans-serif;\">Un factor de creixement \u00e9s un senyal biol\u00f2gic que estimula o inhibeix una funci\u00f3 cel\u00b7lular. Generalment, aquests senyals mol\u00b7leculars son p\u00e8ptids que promouen la proliferaci\u00f3 cel\u00b7lular, la diferenciaci\u00f3, quimiotaxi\u00a0 i migraci\u00f3 de diversos tipus de c\u00e8l.lules i com a conseq\u00fc\u00e8ncia <strong>contribueixen al desenvolupament<\/strong> de la matriu extracel\u00b7lulari i, per tant, dels teixits.<\/span><\/span><\/p>\n<p style=\"text-align: justify;\"><span style=\"font-size: 14px;\"><span style=\"font-family: arial,helvetica,sans-serif;\">Els factors de creixement actuen sobre la forma i diferenciaci\u00f3 de les c\u00e8l.lules encara que la majoria intervenen en la seva proliferaci\u00f3.<\/span><\/span><\/p>\n<p style=\"text-align: justify;\"><span style=\"font-size: 14px;\"><span style=\"font-family: arial,helvetica,sans-serif;\">El factor de creixement m\u00e9s abundant en el PRP \u00e9s el PDGF, encara que n\u2019hi ha molts d\u2019altres que ajuden a la <strong>reparaci\u00f3 i cicatritzaci\u00f3 dels teixits<\/strong>.<\/span><\/span><\/p>\n<p>&nbsp;<\/p>\n<p><strong><span style=\"color: #88ade3;\">5- Podem dir que regeneren els teixits?<\/span><\/strong><\/p>\n<p style=\"text-align: justify;\"><span style=\"font-size: 14px;\"><span style=\"font-family: arial,helvetica,sans-serif;\">Els teixits es reparen creant un teixit de transici\u00f3 que forma una cicatriu. El m\u00fascul, tend\u00f3 o lligaments tenen un proc\u00e9s de reparaci\u00f3 molt semblant al que passa amb les ferides de la pell. Inicialment, hi ha una inflamaci\u00f3, amb l\u2019arribada d\u2019abundants vasos es forma el co\u00e0gul de sang i s\u2019alliberen c\u00e8l.lules i senyals mol.leculars que desencadenen una cascada de processos que formen una cicatriu.<\/span><\/span><\/p>\n<p style=\"text-align: justify;\"><span style=\"font-size: 14px;\"><span style=\"font-family: arial,helvetica,sans-serif;\"><strong>Els PRP ajuden a la reparaci\u00f3 dels teixits, <\/strong>escur\u00e7ant els terminis i millorant la qualitat de les cicatrius.<\/span><\/span><\/p>\n<p style=\"text-align: justify;\"><span style=\"font-size: 14px;\"><span style=\"font-family: arial,helvetica,sans-serif;\">En l\u2019actualitat no podem afirmar que els factors regenerin els teixits, per\u00f2 s\u00ed que indueixen a una millora en els processos de reparaci\u00f3 tissular, escur\u00e7ant els terminis i millorant la qualitat de les reparacions. <\/span><\/span><\/p>\n<p>&nbsp;<\/p>\n<p><strong><span style=\"color: #88ade3;\">6- S\u00f3n una soluci\u00f3 per a l\u2019artrosi?<\/span><\/strong><\/p>\n<p style=\"text-align: justify;\"><span style=\"font-size: 14px;\"><span style=\"font-family: arial,helvetica,sans-serif;\"><strong>No est\u00e0 demostrat que tinguin cap efecte sobre l\u2019evoluci\u00f3 de l\u2019artrosi. <\/strong>Les PRP tenen un efecte antiinflamatori molt potent que pot millorar la simptomatologia que produeix l\u2019artrosi, ajudant als pacients a normalitzar la seva vida. Aix\u00f2 permet en alguns casos <strong>perllongar la vida de les articulacions<\/strong>, retardant aix\u00ed la seva substituci\u00f3 per pr\u00f2tesis.<\/span><\/span><\/p>\n<p>&nbsp;<\/p>\n<p><strong><span style=\"color: #88ade3;\">7- Milloren les lesions i ajuden a la reparaci\u00f3 quir\u00fargica?<\/span><\/strong><\/p>\n<p style=\"text-align: justify;\"><span style=\"font-size: 14px;\"><span style=\"font-family: arial,helvetica,sans-serif;\">Estan indicats en el <strong>tractament no quir\u00fargic<\/strong> de les lesions de tendons, lligaments i tamb\u00e9 s\u2019ha proposat en lesions musculars, millorant la qualitat de les reparacions i escur\u00e7ant-ne els terminis de recuperaci\u00f3. A m\u00e9s, <strong>ajuden a la reparaci\u00f3 de cirurgies tendinoses, com la ruptura del manegot rotador de l\u2019espatlla, lligament creuat anterior, reparacions meniscals i del cart\u00edlag articular<\/strong>, millorant aix\u00ed el resultat de les nostres cirurgies i escur\u00e7ant els terminis de recuperaci\u00f3.<\/span><\/span><\/p>\n<p style=\"text-align: justify;\"><span style=\"font-size: 14px;\"><span style=\"font-family: arial,helvetica,sans-serif;\">R<\/span><\/span><span style=\"font-size: 14px;\"><span style=\"font-family: arial,helvetica,sans-serif;\">evisant la literatura m\u00e8dica,els millors reultats s\u2019obtenen en el tancament i cura de ferides i s\u00f3n d\u2019especial inter\u00e8s per a les ferides t\u00f2rpides o en pacients diab\u00e8tics o amb mala irrigaci\u00f3.<\/span><\/span><\/p>\n<p><strong><span style=\"color: #88ade3;\">8- S\u00f3n un procediment segur?<\/span><\/strong><\/p>\n<p style=\"text-align: justify;\"><span style=\"font-size: 14px;\"><span style=\"font-family: arial,helvetica,sans-serif;\"><strong>Totalment. La <\/strong><strong>seva elaboraci\u00f3 est\u00e0 aprovada per la<\/strong> <strong>FDA <\/strong>(Food and Drug Administration) nord-americana, un dels organismes amb major fiabilitat en l\u2019avaluaci\u00f3 dels procediments m\u00e8dics a nivell muncial. A m\u00e9s, moltes empreses multinacionals de tecnologia m\u00e8dica disposen de sistemes per a la seva (<\/span><\/span><\/p>\n<p>&nbsp;<\/p>\n<p><strong><span style=\"color: #88ade3;\">9- S\u00f3n imprescindibles en tota intervenci\u00f3 quir\u00fargica?<\/span><\/strong><\/p>\n<p style=\"text-align: justify;\"><span style=\"font-size: 14px;\"><span style=\"font-family: arial,helvetica,sans-serif;\"><strong>En absolut. <\/strong>Com \u00e9s obvi, no cal necess\u00e0riament l\u2019\u00fas de factors en totes les intervencions quir\u00fargiques, convertint-les en actes quir\u00fargics de menor efic\u00e0cia en cas de no ser utilitzades. En qualsevol cas, \u00e9s el criteri m\u00e8dic el que fixar\u00e0 quan s\u2019han d\u2019utilitzar i en quins casos podem aspirar a que millorin la qualitat de les nostres reparacions quir\u00fargiques. Hi ha molts treballs que mostren la milloria en la recuperaci\u00f3 de moltes lesions tractades amb PRP.<\/span><\/span><\/p>\n<p>&nbsp;<\/p>\n<p><strong><span style=\"color: #88ade3;\">10- Susbtitueixen una intervenci\u00f3 quir\u00fargica?<\/span><\/strong><\/p>\n<p style=\"text-align: justify;\"><span style=\"font-size: 14px;\"><span style=\"font-family: arial,helvetica,sans-serif;\"><strong>En absolut, <\/strong>en tot cas poden ser un complement d\u2019aquestes. Els factors no converteixen en bona una intervenci\u00f3 mal planificada o mal indicada. En tot moment ha de prevaler el <strong>criteri m\u00e8dic<\/strong>, utilitzant les indicacions que tenen demostrada una efic\u00e0cia en la literatura m\u00e8dica. Els factors plaquetaris s\u00f3n avui en dia una arma poderosa per a tractar els nostres malalts, per\u00f2 la <strong>investigaci\u00f3<\/strong> sobre les seves aplicacions est\u00e0 en desenvolupament continu. Aix\u00f2 ens permet afirmar que, si els seu present \u00e9s excel.lent, el seu \u00fas futur en diferents patologies ser\u00e0 encara millor.<\/span><\/span><\/p>\n<p><strong><span style=\"color: #0000ff;\"><span style=\"color: #0000ff;\">Consulti la\u00a0<a title=\"Bibliografia factors de creixement\" href=\"\/es\/?page_id=320\" target=\"_blank\">Bibliografia factors de creixement\u00a0&gt;&gt;<\/a><\/span><\/span><\/strong><\/p>\n<p><!--:--><!--:es--><\/p>\n<h1 style=\"text-align: justify;\"><span style=\"font-size: 14px;\"><span style=\"font-family: arial,helvetica,sans-serif;\">\u00a0<\/span><\/span><\/h1>\n<p><!--:--><\/p>","protected":false},"excerpt":{"rendered":"<p>1- Qu\u00e8 s\u00f3n realment els factors de creixement plaquetaris o el tamb\u00e9 anomenat plasma ric en plaquetes? Un factor de creixement \u00e9s un senyal biol\u00f2gic que estimula o inhibeix una funci\u00f3 cel\u00b7lular. Generalment, s\u00f3n prote\u00efnes que promouen el desenvolupament dels teixits. El plasma ric en plaquetes (PRP) s\u2019obt\u00e9 de la sang del propi pacient despr\u00e9s [&hellip;]<\/p>","protected":false},"author":3,"featured_media":0,"parent":63,"menu_order":0,"comment_status":"closed","ping_status":"closed","template":"","meta":[],"yoast_head":"<!-- This site is optimized with the Yoast SEO plugin v21.8 - https:\/\/yoast.com\/wordpress\/plugins\/seo\/ -->\n<title>Factors de creixement - Balcells.cat<\/title>\n<meta name=\"robots\" content=\"index, follow, max-snippet:-1, max-image-preview:large, max-video-preview:-1\" \/>\n<link rel=\"canonical\" href=\"https:\/\/balcells.cat\/es\/serveis\/traumatologia\/factors-de-creixement\/\" \/>\n<meta property=\"og:locale\" content=\"es_ES\" \/>\n<meta property=\"og:type\" content=\"article\" \/>\n<meta property=\"og:title\" content=\"Factors de creixement - Balcells.cat\" \/>\n<meta property=\"og:description\" content=\"1- Qu\u00e8 s\u00f3n realment els factors de creixement plaquetaris o el tamb\u00e9 anomenat plasma ric en plaquetes? Un factor de creixement \u00e9s un senyal biol\u00f2gic que estimula o inhibeix una funci\u00f3 cel\u00b7lular. Generalment, s\u00f3n prote\u00efnes que promouen el desenvolupament dels teixits. El plasma ric en plaquetes (PRP) s\u2019obt\u00e9 de la sang del propi pacient despr\u00e9s [&hellip;]\" \/>\n<meta property=\"og:url\" content=\"https:\/\/balcells.cat\/es\/serveis\/traumatologia\/factors-de-creixement\/\" \/>\n<meta property=\"og:site_name\" content=\"Balcells.cat\" \/>\n<meta property=\"article:publisher\" content=\"https:\/\/www.facebook.com\/BalcellsCentreTraumatologiaiFisioterapia\/\" \/>\n<meta property=\"article:modified_time\" content=\"2013-05-06T07:37:33+00:00\" \/>\n<meta property=\"og:image\" content=\"http:\/\/balcells.cat\/wp-content\/uploads\/2013\/03\/platelet_rich_plasma_0-large-300x277.png\" \/>\n<meta name=\"twitter:label1\" content=\"Tiempo de lectura\" \/>\n\t<meta name=\"twitter:data1\" content=\"5 minutos\" \/>\n<script type=\"application\/ld+json\" class=\"yoast-schema-graph\">{\"@context\":\"https:\/\/schema.org\",\"@graph\":[{\"@type\":\"WebPage\",\"@id\":\"https:\/\/balcells.cat\/serveis\/traumatologia\/factors-de-creixement\/\",\"url\":\"https:\/\/balcells.cat\/serveis\/traumatologia\/factors-de-creixement\/\",\"name\":\"Factors de creixement - Balcells.cat\",\"isPartOf\":{\"@id\":\"https:\/\/balcells.cat\/#website\"},\"datePublished\":\"2012-03-04T20:53:57+00:00\",\"dateModified\":\"2013-05-06T07:37:33+00:00\",\"breadcrumb\":{\"@id\":\"https:\/\/balcells.cat\/serveis\/traumatologia\/factors-de-creixement\/#breadcrumb\"},\"inLanguage\":\"es\",\"potentialAction\":[{\"@type\":\"ReadAction\",\"target\":[\"https:\/\/balcells.cat\/serveis\/traumatologia\/factors-de-creixement\/\"]}]},{\"@type\":\"BreadcrumbList\",\"@id\":\"https:\/\/balcells.cat\/serveis\/traumatologia\/factors-de-creixement\/#breadcrumb\",\"itemListElement\":[{\"@type\":\"ListItem\",\"position\":1,\"name\":\"Serveis\",\"item\":\"https:\/\/balcells.cat\/serveis\/\"},{\"@type\":\"ListItem\",\"position\":2,\"name\":\"Traumatologia\",\"item\":\"https:\/\/balcells.cat\/serveis\/traumatologia\/\"},{\"@type\":\"ListItem\",\"position\":3,\"name\":\"Factors de creixement\"}]},{\"@type\":\"WebSite\",\"@id\":\"https:\/\/balcells.cat\/#website\",\"url\":\"https:\/\/balcells.cat\/\",\"name\":\"Balcells.cat\",\"description\":\"Centre de Traumatologia i Fisioter\u00e0pia\",\"potentialAction\":[{\"@type\":\"SearchAction\",\"target\":{\"@type\":\"EntryPoint\",\"urlTemplate\":\"https:\/\/balcells.cat\/?s={search_term_string}\"},\"query-input\":\"required name=search_term_string\"}],\"inLanguage\":\"es\"}]}<\/script>\n<!-- \/ Yoast SEO plugin. -->","yoast_head_json":{"title":"Factors de creixement - Balcells.cat","robots":{"index":"index","follow":"follow","max-snippet":"max-snippet:-1","max-image-preview":"max-image-preview:large","max-video-preview":"max-video-preview:-1"},"canonical":"https:\/\/balcells.cat\/es\/serveis\/traumatologia\/factors-de-creixement\/","og_locale":"es_ES","og_type":"article","og_title":"Factors de creixement - Balcells.cat","og_description":"1- Qu\u00e8 s\u00f3n realment els factors de creixement plaquetaris o el tamb\u00e9 anomenat plasma ric en plaquetes? Un factor de creixement \u00e9s un senyal biol\u00f2gic que estimula o inhibeix una funci\u00f3 cel\u00b7lular. Generalment, s\u00f3n prote\u00efnes que promouen el desenvolupament dels teixits. El plasma ric en plaquetes (PRP) s\u2019obt\u00e9 de la sang del propi pacient despr\u00e9s [&hellip;]","og_url":"https:\/\/balcells.cat\/es\/serveis\/traumatologia\/factors-de-creixement\/","og_site_name":"Balcells.cat","article_publisher":"https:\/\/www.facebook.com\/BalcellsCentreTraumatologiaiFisioterapia\/","article_modified_time":"2013-05-06T07:37:33+00:00","og_image":[{"url":"http:\/\/balcells.cat\/wp-content\/uploads\/2013\/03\/platelet_rich_plasma_0-large-300x277.png"}],"twitter_misc":{"Tiempo de lectura":"5 minutos"},"schema":{"@context":"https:\/\/schema.org","@graph":[{"@type":"WebPage","@id":"https:\/\/balcells.cat\/serveis\/traumatologia\/factors-de-creixement\/","url":"https:\/\/balcells.cat\/serveis\/traumatologia\/factors-de-creixement\/","name":"Factors de creixement - Balcells.cat","isPartOf":{"@id":"https:\/\/balcells.cat\/#website"},"datePublished":"2012-03-04T20:53:57+00:00","dateModified":"2013-05-06T07:37:33+00:00","breadcrumb":{"@id":"https:\/\/balcells.cat\/serveis\/traumatologia\/factors-de-creixement\/#breadcrumb"},"inLanguage":"es","potentialAction":[{"@type":"ReadAction","target":["https:\/\/balcells.cat\/serveis\/traumatologia\/factors-de-creixement\/"]}]},{"@type":"BreadcrumbList","@id":"https:\/\/balcells.cat\/serveis\/traumatologia\/factors-de-creixement\/#breadcrumb","itemListElement":[{"@type":"ListItem","position":1,"name":"Serveis","item":"https:\/\/balcells.cat\/serveis\/"},{"@type":"ListItem","position":2,"name":"Traumatologia","item":"https:\/\/balcells.cat\/serveis\/traumatologia\/"},{"@type":"ListItem","position":3,"name":"Factors de creixement"}]},{"@type":"WebSite","@id":"https:\/\/balcells.cat\/#website","url":"https:\/\/balcells.cat\/","name":"Balcells.cat","description":"Centre de Traumatologia i Fisioter\u00e0pia","potentialAction":[{"@type":"SearchAction","target":{"@type":"EntryPoint","urlTemplate":"https:\/\/balcells.cat\/?s={search_term_string}"},"query-input":"required name=search_term_string"}],"inLanguage":"es"}]}},"_links":{"self":[{"href":"https:\/\/balcells.cat\/es\/wp-json\/wp\/v2\/pages\/203"}],"collection":[{"href":"https:\/\/balcells.cat\/es\/wp-json\/wp\/v2\/pages"}],"about":[{"href":"https:\/\/balcells.cat\/es\/wp-json\/wp\/v2\/types\/page"}],"author":[{"embeddable":true,"href":"https:\/\/balcells.cat\/es\/wp-json\/wp\/v2\/users\/3"}],"replies":[{"embeddable":true,"href":"https:\/\/balcells.cat\/es\/wp-json\/wp\/v2\/comments?post=203"}],"version-history":[{"count":0,"href":"https:\/\/balcells.cat\/es\/wp-json\/wp\/v2\/pages\/203\/revisions"}],"up":[{"embeddable":true,"href":"https:\/\/balcells.cat\/es\/wp-json\/wp\/v2\/pages\/63"}],"wp:attachment":[{"href":"https:\/\/balcells.cat\/es\/wp-json\/wp\/v2\/media?parent=203"}],"curies":[{"name":"wp","href":"https:\/\/api.w.org\/{rel}","templated":true}]}}